{"id":1087089,"date":"2026-03-31T10:24:11","date_gmt":"2026-03-31T09:24:11","guid":{"rendered":"https:\/\/www.boisdesreves.be\/event\/la-caravane-aux-chansons-5\/"},"modified":"2026-03-31T10:24:11","modified_gmt":"2026-03-31T09:24:11","slug":"la-caravane-aux-chansons-5","status":"publish","type":"event","link":"https:\/\/www.boisdesreves.be\/nl\/event\/la-caravane-aux-chansons-5\/","title":{"rendered":"De karavaan van liedjes"},"template":"","meta":{"_acf_changed":false,"_et_pb_use_builder":"","_et_pb_old_content":"","_et_gb_content_width":""},"class_list":["post-1087089","event","type-event","status-publish","hentry"],"acf":[],"yoast_head":"<!-- This site is optimized with the Yoast SEO plugin v24.2 - https:\/\/yoast.com\/wordpress\/plugins\/seo\/ -->\n<title>De karavaan van liedjes - Bois des R\u00eaves<\/title>\n<meta name=\"robots\" content=\"index, follow, max-snippet:-1, max-image-preview:large, max-video-preview:-1\" \/>\n<link rel=\"canonical\" href=\"https:\/\/www.boisdesreves.be\/event\/la-caravane-aux-chansons-5\/\" \/>\n<meta property=\"og:locale\" content=\"nl_NL\" \/>\n<meta property=\"og:type\" content=\"article\" \/>\n<meta property=\"og:title\" content=\"De karavaan van liedjes - Bois des R\u00eaves\" \/>\n<meta property=\"og:url\" content=\"https:\/\/www.boisdesreves.be\/event\/la-caravane-aux-chansons-5\/\" \/>\n<meta property=\"og:site_name\" content=\"Bois des R\u00eaves\" \/>\n<meta property=\"article:publisher\" content=\"https:\/\/www.facebook.com\/boisdesrevesottignies\" \/>\n<meta property=\"og:image\" content=\"https:\/\/www.boisdesreves.be\/wp-content\/uploads\/2023\/05\/BdR_Logotype__Couleurs_rvb.png\" \/>\n\t<meta property=\"og:image:width\" content=\"618\" \/>\n\t<meta property=\"og:image:height\" content=\"238\" \/>\n\t<meta property=\"og:image:type\" content=\"image\/png\" \/>\n<meta name=\"twitter:card\" content=\"summary_large_image\" \/>\n<script type=\"application\/ld+json\" class=\"yoast-schema-graph\">{\"@context\":\"https:\/\/schema.org\",\"@graph\":[{\"@type\":\"WebPage\",\"@id\":\"https:\/\/www.boisdesreves.be\/event\/la-caravane-aux-chansons-5\/\",\"url\":\"https:\/\/www.boisdesreves.be\/event\/la-caravane-aux-chansons-5\/\",\"name\":\"De karavaan van liedjes - Bois des R\u00eaves\",\"isPartOf\":{\"@id\":\"https:\/\/www.boisdesreves.be\/#website\"},\"datePublished\":\"2026-03-31T09:24:11+00:00\",\"dateModified\":\"2026-03-31T09:24:11+00:00\",\"breadcrumb\":{\"@id\":\"https:\/\/www.boisdesreves.be\/event\/la-caravane-aux-chansons-5\/#breadcrumb\"},\"inLanguage\":\"nl-NL\",\"potentialAction\":[{\"@type\":\"ReadAction\",\"target\":[\"https:\/\/www.boisdesreves.be\/event\/la-caravane-aux-chansons-5\/\"]}]},{\"@type\":\"BreadcrumbList\",\"@id\":\"https:\/\/www.boisdesreves.be\/event\/la-caravane-aux-chansons-5\/#breadcrumb\",\"itemListElement\":[{\"@type\":\"ListItem\",\"position\":1,\"name\":\"Home\",\"item\":\"https:\/\/www.boisdesreves.be\/\"},{\"@type\":\"ListItem\",\"position\":2,\"name\":\"De karavaan van liedjes\"}]},{\"@type\":\"WebSite\",\"@id\":\"https:\/\/www.boisdesreves.be\/#website\",\"url\":\"https:\/\/www.boisdesreves.be\/\",\"name\":\"Bois des R\u00eaves\",\"description\":\"Bois des R\u00eaves - Aventure en plein c\u0153ur du Brabant Wallon\",\"publisher\":{\"@id\":\"https:\/\/www.boisdesreves.be\/#organization\"},\"potentialAction\":[{\"@type\":\"SearchAction\",\"target\":{\"@type\":\"EntryPoint\",\"urlTemplate\":\"https:\/\/www.boisdesreves.be\/?s={search_term_string}\"},\"query-input\":{\"@type\":\"PropertyValueSpecification\",\"valueRequired\":true,\"valueName\":\"search_term_string\"}}],\"inLanguage\":\"nl-NL\"},{\"@type\":\"Organization\",\"@id\":\"https:\/\/www.boisdesreves.be\/#organization\",\"name\":\"Bois des R\u00eaves\",\"url\":\"https:\/\/www.boisdesreves.be\/\",\"logo\":{\"@type\":\"ImageObject\",\"inLanguage\":\"nl-NL\",\"@id\":\"https:\/\/www.boisdesreves.be\/#\/schema\/logo\/image\/\",\"url\":\"https:\/\/www.boisdesreves.be\/wp-content\/uploads\/2024\/04\/cropped-BdR_Logo_Without_Tag.png\",\"contentUrl\":\"https:\/\/www.boisdesreves.be\/wp-content\/uploads\/2024\/04\/cropped-BdR_Logo_Without_Tag.png\",\"width\":512,\"height\":512,\"caption\":\"Bois des R\u00eaves\"},\"image\":{\"@id\":\"https:\/\/www.boisdesreves.be\/#\/schema\/logo\/image\/\"},\"sameAs\":[\"https:\/\/www.facebook.com\/boisdesrevesottignies\"]}]}<\/script>\n<!-- \/ Yoast SEO plugin. -->","yoast_head_json":{"title":"De karavaan van liedjes - Bois des R\u00eaves","robots":{"index":"index","follow":"follow","max-snippet":"max-snippet:-1","max-image-preview":"max-image-preview:large","max-video-preview":"max-video-preview:-1"},"canonical":"https:\/\/www.boisdesreves.be\/event\/la-caravane-aux-chansons-5\/","og_locale":"nl_NL","og_type":"article","og_title":"De karavaan van liedjes - Bois des R\u00eaves","og_url":"https:\/\/www.boisdesreves.be\/event\/la-caravane-aux-chansons-5\/","og_site_name":"Bois des R\u00eaves","article_publisher":"https:\/\/www.facebook.com\/boisdesrevesottignies","og_image":[{"width":618,"height":238,"url":"https:\/\/www.boisdesreves.be\/wp-content\/uploads\/2023\/05\/BdR_Logotype__Couleurs_rvb.png","type":"image\/png"}],"twitter_card":"summary_large_image","schema":{"@context":"https:\/\/schema.org","@graph":[{"@type":"WebPage","@id":"https:\/\/www.boisdesreves.be\/event\/la-caravane-aux-chansons-5\/","url":"https:\/\/www.boisdesreves.be\/event\/la-caravane-aux-chansons-5\/","name":"De karavaan van liedjes - Bois des R\u00eaves","isPartOf":{"@id":"https:\/\/www.boisdesreves.be\/#website"},"datePublished":"2026-03-31T09:24:11+00:00","dateModified":"2026-03-31T09:24:11+00:00","breadcrumb":{"@id":"https:\/\/www.boisdesreves.be\/event\/la-caravane-aux-chansons-5\/#breadcrumb"},"inLanguage":"nl-NL","potentialAction":[{"@type":"ReadAction","target":["https:\/\/www.boisdesreves.be\/event\/la-caravane-aux-chansons-5\/"]}]},{"@type":"BreadcrumbList","@id":"https:\/\/www.boisdesreves.be\/event\/la-caravane-aux-chansons-5\/#breadcrumb","itemListElement":[{"@type":"ListItem","position":1,"name":"Home","item":"https:\/\/www.boisdesreves.be\/"},{"@type":"ListItem","position":2,"name":"De karavaan van liedjes"}]},{"@type":"WebSite","@id":"https:\/\/www.boisdesreves.be\/#website","url":"https:\/\/www.boisdesreves.be\/","name":"Bois des R\u00eaves","description":"Bois des R\u00eaves - Aventure en plein c\u0153ur du Brabant Wallon","publisher":{"@id":"https:\/\/www.boisdesreves.be\/#organization"},"potentialAction":[{"@type":"SearchAction","target":{"@type":"EntryPoint","urlTemplate":"https:\/\/www.boisdesreves.be\/?s={search_term_string}"},"query-input":{"@type":"PropertyValueSpecification","valueRequired":true,"valueName":"search_term_string"}}],"inLanguage":"nl-NL"},{"@type":"Organization","@id":"https:\/\/www.boisdesreves.be\/#organization","name":"Bois des R\u00eaves","url":"https:\/\/www.boisdesreves.be\/","logo":{"@type":"ImageObject","inLanguage":"nl-NL","@id":"https:\/\/www.boisdesreves.be\/#\/schema\/logo\/image\/","url":"https:\/\/www.boisdesreves.be\/wp-content\/uploads\/2024\/04\/cropped-BdR_Logo_Without_Tag.png","contentUrl":"https:\/\/www.boisdesreves.be\/wp-content\/uploads\/2024\/04\/cropped-BdR_Logo_Without_Tag.png","width":512,"height":512,"caption":"Bois des R\u00eaves"},"image":{"@id":"https:\/\/www.boisdesreves.be\/#\/schema\/logo\/image\/"},"sameAs":["https:\/\/www.facebook.com\/boisdesrevesottignies"]}]}},"_links":{"self":[{"href":"https:\/\/www.boisdesreves.be\/nl\/wp-json\/wp\/v2\/event\/1087089","targetHints":{"allow":["GET"]}}],"collection":[{"href":"https:\/\/www.boisdesreves.be\/nl\/wp-json\/wp\/v2\/event"}],"about":[{"href":"https:\/\/www.boisdesreves.be\/nl\/wp-json\/wp\/v2\/types\/event"}],"wp:attachment":[{"href":"https:\/\/www.boisdesreves.be\/nl\/wp-json\/wp\/v2\/media?parent=1087089"}],"curies":[{"name":"wp","href":"https:\/\/api.w.org\/{rel}","templated":true}]}}