{"id":1086435,"date":"2023-08-08T10:21:45","date_gmt":"2023-08-08T09:21:45","guid":{"rendered":"https:\/\/www.boisdesreves.be\/praktische-info\/"},"modified":"2025-03-26T18:22:51","modified_gmt":"2025-03-26T17:22:51","slug":"praktische-info","status":"publish","type":"page","link":"https:\/\/www.boisdesreves.be\/nl\/praktische-info\/","title":{"rendered":"Praktische info"},"content":{"rendered":"<p>[et_pb_section fb_built=&#8221;1&#8243; admin_label=&#8221;Page header&#8221; _builder_version=&#8221;4.26.0&#8243; _module_preset=&#8221;default&#8221; background_enable_color=&#8221;off&#8221; use_background_color_gradient=&#8221;on&#8221; background_color_gradient_stops=&#8221;rgba(0,0,0,0.42) 0%|rgba(0,0,0,0.42) 100%&#8221; background_color_gradient_overlays_image=&#8221;on&#8221; background_image=&#8221;https:\/\/www.boisdesreves.be\/wp-content\/uploads\/2023\/11\/bdr-en-pratique.jpg&#8221; custom_padding=&#8221;0px||0px||true|false&#8221; da_disable_devices=&#8221;off|off|off&#8221; global_colors_info=&#8221;{}&#8221; da_is_popup=&#8221;off&#8221; da_exit_intent=&#8221;off&#8221; da_has_close=&#8221;on&#8221; da_alt_close=&#8221;off&#8221; da_dark_close=&#8221;off&#8221; da_not_modal=&#8221;on&#8221; da_is_singular=&#8221;off&#8221; da_with_loader=&#8221;off&#8221; da_has_shadow=&#8221;on&#8221;][et_pb_row make_equal=&#8221;on&#8221; _builder_version=&#8221;4.21.0&#8243; _module_preset=&#8221;default&#8221; min_height=&#8221;700px&#8221; height=&#8221;70vh&#8221; custom_padding=&#8221;0px||0px||true|false&#8221; global_colors_info=&#8221;{}&#8221;][et_pb_column type=&#8221;4_4&#8243; _builder_version=&#8221;4.21.0&#8243; _module_preset=&#8221;default&#8221; custom_padding=&#8221;7rem||7rem||true|false&#8221; custom_padding_tablet=&#8221;15rem||15rem||true|false&#8221; custom_padding_phone=&#8221;15rem||15rem||true|false&#8221; custom_padding_last_edited=&#8221;on|desktop&#8221; custom_css_main_element=&#8221;margin:auto&#8221; global_colors_info=&#8221;{}&#8221;][et_pb_text admin_label=&#8221;Title&#8221; _builder_version=&#8221;4.21.0&#8243; _module_preset=&#8221;0003039b-79ee-4180-912b-ede439a2e297&#8243; global_colors_info=&#8221;{%22gcid-f85ae0c9-fd65-448b-93e8-9cc62cbcda12%22:%91%22header_2_text_color%22,%22header_3_text_color%22%93,%22gcid-6445eed1-37c8-4882-a47d-a3f63d28d4f2%22:%91%22link_text_color%22%93}&#8221;]<\/p>\n<h1><span aria-hidden=\"true\">\u2014<\/span> <span style=\"color: #ffffff;\">Praktische info<\/span><\/h1>\n<p>[\/et_pb_text][\/et_pb_column][\/et_pb_row][\/et_pb_section][et_pb_section fb_built=&#8221;1&#8243; module_id=&#8221;contenu-principal&#8221; _builder_version=&#8221;4.24.3&#8243; _module_preset=&#8221;default&#8221; custom_margin=&#8221;||||false|false&#8221; custom_padding=&#8221;||0px||false|false&#8221; da_disable_devices=&#8221;off|off|off&#8221; global_colors_info=&#8221;{}&#8221; da_is_popup=&#8221;off&#8221; da_exit_intent=&#8221;off&#8221; da_has_close=&#8221;on&#8221; da_alt_close=&#8221;off&#8221; da_dark_close=&#8221;off&#8221; da_not_modal=&#8221;on&#8221; da_is_singular=&#8221;off&#8221; da_with_loader=&#8221;off&#8221; da_has_shadow=&#8221;on&#8221;][et_pb_row custom_padding_last_edited=&#8221;on|phone&#8221; admin_label=&#8221;Navigation&#8221; _builder_version=&#8221;4.26.0&#8243; _module_preset=&#8221;default&#8221; custom_padding=&#8221;||0px||false|false&#8221; custom_padding_tablet=&#8221;||0px||false|false&#8221; custom_padding_phone=&#8221;0px||0px||false|false&#8221; locked=&#8221;off&#8221; global_colors_info=&#8221;{}&#8221;][et_pb_column type=&#8221;4_4&#8243; _builder_version=&#8221;4.21.0&#8243; _module_preset=&#8221;default&#8221; custom_css_main_element=&#8221;display: flex;||flex-wrap: wrap;&#8221; global_colors_info=&#8221;{}&#8221; custom_css_main_element_last_edited=&#8221;on|tablet&#8221; custom_css_main_element_phone=&#8221;display: block;&#8221; custom_css_main_element_tablet=&#8221;display: flex;||flex-wrap: wrap;&#8221;][et_pb_button button_url=&#8221;#horaires-d-ouverture&#8221; button_text=&#8221;Openingsuren&#8221; module_class=&#8221;bdr_nav_elements&#8221; _builder_version=&#8221;4.26.0&#8243; _module_preset=&#8221;3a6c4c45-6173-492a-ac0e-676f3689262f&#8221; global_colors_info=&#8221;{%22gcid-606d042f-c90f-4ea6-97e7-7b08f1ba25f6%22:%91%22button_border_color%22%93,%22gcid-f85ae0c9-fd65-448b-93e8-9cc62cbcda12%22:%91%22button_border_color%22,%22button_text_color%22%93}&#8221;][\/et_pb_button][et_pb_button button_url=&#8221;#point-info&#8221; button_text=&#8221;Infopunt&#8221; module_class=&#8221;bdr_nav_elements&#8221; _builder_version=&#8221;4.26.0&#8243; _module_preset=&#8221;3a6c4c45-6173-492a-ac0e-676f3689262f&#8221; global_colors_info=&#8221;{}&#8221;][\/et_pb_button][et_pb_button button_url=&#8221;#acces-et-parking&#8221; button_text=&#8221;Toegang &amp; parking&#8221; module_class=&#8221;bdr_nav_elements&#8221; _builder_version=&#8221;4.26.0&#8243; _module_preset=&#8221;3a6c4c45-6173-492a-ac0e-676f3689262f&#8221; global_colors_info=&#8221;{}&#8221;][\/et_pb_button][et_pb_button button_url=&#8221;#plan-du-domaine&#8221; button_text=&#8221;Kaart van het domein&#8221; disabled_on=&#8221;off|off|off&#8221; module_class=&#8221;bdr_nav_elements&#8221; _builder_version=&#8221;4.26.0&#8243; _module_preset=&#8221;3a6c4c45-6173-492a-ac0e-676f3689262f&#8221; global_colors_info=&#8221;{}&#8221;][\/et_pb_button][et_pb_button button_url=&#8221;#foire-aux-questions&#8221; button_text=&#8221;Veelgestelde vragen&#8221; module_class=&#8221;bdr_nav_elements&#8221; _builder_version=&#8221;4.26.0&#8243; _module_preset=&#8221;3a6c4c45-6173-492a-ac0e-676f3689262f&#8221; global_colors_info=&#8221;{}&#8221;][\/et_pb_button][\/et_pb_column][\/et_pb_row][\/et_pb_section][et_pb_section fb_built=&#8221;1&#8243; admin_label=&#8221;Opening hours&#8221; _builder_version=&#8221;4.21.0&#8243; _module_preset=&#8221;default&#8221; custom_padding=&#8221;||0px||false|false&#8221; da_disable_devices=&#8221;off|off|off&#8221; global_colors_info=&#8221;{}&#8221; da_is_popup=&#8221;off&#8221; da_exit_intent=&#8221;off&#8221; da_has_close=&#8221;on&#8221; da_alt_close=&#8221;off&#8221; da_dark_close=&#8221;off&#8221; da_not_modal=&#8221;on&#8221; da_is_singular=&#8221;off&#8221; da_with_loader=&#8221;off&#8221; da_has_shadow=&#8221;on&#8221;][et_pb_row module_id=&#8221;horaires-d-ouverture&#8221; _builder_version=&#8221;4.24.3&#8243; _module_preset=&#8221;default&#8221; global_colors_info=&#8221;{}&#8221;][et_pb_column type=&#8221;4_4&#8243; _builder_version=&#8221;4.21.0&#8243; _module_preset=&#8221;default&#8221; global_colors_info=&#8221;{}&#8221;][et_pb_image src=&#8221;https:\/\/www.boisdesreves.be\/wp-content\/uploads\/2023\/11\/Groupe-6.png&#8221; title_text=&#8221;Groupe 6&#8243; module_class=&#8221;bdr_decoratives_icones&#8221; _builder_version=&#8221;4.26.0&#8243; _module_preset=&#8221;default&#8221; width=&#8221;30px&#8221; custom_margin=&#8221;||1rem||false|false&#8221; global_colors_info=&#8221;{}&#8221;][\/et_pb_image][et_pb_text _builder_version=&#8221;4.21.0&#8243; _module_preset=&#8221;8aa5f111-faef-4104-af48-83b100dc9f92&#8243; max_width=&#8221;650px&#8221; global_colors_info=&#8221;{%22gcid-f85ae0c9-fd65-448b-93e8-9cc62cbcda12%22:%91%22header_2_text_color%22%93}&#8221;]<\/p>\n<h2>Openingsuren<\/h2>\n<p>[\/et_pb_text][\/et_pb_column][\/et_pb_row][et_pb_row column_structure=&#8221;1_2,1_2&#8243; make_equal=&#8221;on&#8221; _builder_version=&#8221;4.24.3&#8243; _module_preset=&#8221;default&#8221; background_color=&#8221;gcid-732bf70e-1304-49c4-8803-7da7f06e9833&#8243; width_tablet=&#8221;&#8221; width_phone=&#8221;100%&#8221; width_last_edited=&#8221;on|phone&#8221; custom_margin=&#8221;|auto|121px|auto|false|false&#8221; custom_margin_tablet=&#8221;|auto|121px|auto|false|false&#8221; custom_margin_phone=&#8221;||0px||false|true&#8221; custom_margin_last_edited=&#8221;on|phone&#8221; custom_padding=&#8221;0px||0px||false|false&#8221; global_colors_info=&#8221;{%22gcid-732bf70e-1304-49c4-8803-7da7f06e9833%22:%91%22background_color%22%93}&#8221;][et_pb_column type=&#8221;1_2&#8243; _builder_version=&#8221;4.24.3&#8243; _module_preset=&#8221;default&#8221; custom_padding=&#8221;3rem|4rem|3rem|4rem|true|true&#8221; custom_padding_tablet=&#8221;3rem|4rem|3rem|4rem|true|true&#8221; custom_padding_phone=&#8221;2rem|10%|2rem|10%|true|true&#8221; custom_padding_last_edited=&#8221;on|phone&#8221; custom_css_main_element=&#8221;margin:auto&#8221; global_colors_info=&#8221;{}&#8221;][et_pb_text _builder_version=&#8221;4.25.0&#8243; _module_preset=&#8221;8aa5f111-faef-4104-af48-83b100dc9f92&#8243; text_text_color=&#8221;#00541D&#8221; text_font_size=&#8221;20px&#8221; text_line_height=&#8221;1.8em&#8221; ul_font=&#8221;Source Sans Pro||||||||&#8221; ul_line_height=&#8221;1.8em&#8221; custom_css_main_element=&#8221;margin:auto&#8221; global_colors_info=&#8221;{}&#8221;]<\/p>\n<p><strong>Bois des R\u00eaves is open voor het publiek:<\/strong><\/p>\n<ul>\n<li>1 oktober tot 31 maart: 8u &#8211; 18u<\/li>\n<li>Van 1 april tot 31 mei: 8u &#8211; 20u<\/li>\n<li>Van 1 juni tot 30 september: 8.00 &#8211; 21.00 uur<\/li>\n<\/ul>\n<p>[\/et_pb_text][\/et_pb_column][et_pb_column type=&#8221;1_2&#8243; _builder_version=&#8221;4.21.0&#8243; _module_preset=&#8221;default&#8221; global_colors_info=&#8221;{}&#8221;][et_pb_image src=&#8221;https:\/\/www.boisdesreves.be\/wp-content\/uploads\/2023\/11\/bdr-en-pratique-1.jpg&#8221; title_text=&#8221;bdr-en-pratique-1&#8243; show_bottom_space=&#8221;off&#8221; _builder_version=&#8221;4.25.0&#8243; _module_preset=&#8221;default&#8221; transform_scale=&#8221;126%|126%&#8221; transform_scale_tablet=&#8221;126%|126%&#8221; transform_scale_phone=&#8221;100%|100%&#8221; transform_scale_last_edited=&#8221;on|phone&#8221; transform_translate=&#8221;0px|60px&#8221; transform_translate_tablet=&#8221;0px|60px&#8221; transform_translate_phone=&#8221;0px|0px&#8221; transform_translate_last_edited=&#8221;on|desktop&#8221; transform_translate_linked=&#8221;off&#8221; transform_rotate_tablet=&#8221;&#8221; transform_rotate_phone=&#8221;&#8221; transform_rotate_last_edited=&#8221;on|phone&#8221; transform_skew_tablet=&#8221;&#8221; transform_skew_phone=&#8221;&#8221; transform_skew_last_edited=&#8221;on|phone&#8221; transform_origin_tablet=&#8221;&#8221; transform_origin_phone=&#8221;&#8221; transform_origin_last_edited=&#8221;on|phone&#8221; transform_styles_last_edited=&#8221;on|desktop&#8221; custom_margin=&#8221;||||false|false&#8221; transform_styles_tablet=&#8221;&#8221; transform_styles_phone=&#8221;&#8221; global_colors_info=&#8221;{%22gcid-732bf70e-1304-49c4-8803-7da7f06e9833%22:%91%22box_shadow_color%22%93}&#8221;][\/et_pb_image][\/et_pb_column][\/et_pb_row][et_pb_row column_structure=&#8221;1_3,1_3,1_3&#8243; disabled_on=&#8221;on|on|on&#8221; _builder_version=&#8221;4.21.0&#8243; _module_preset=&#8221;default&#8221; custom_padding=&#8221;||||false|false&#8221; disabled=&#8221;on&#8221; global_colors_info=&#8221;{}&#8221;][et_pb_column type=&#8221;1_3&#8243; _builder_version=&#8221;4.21.0&#8243; _module_preset=&#8221;default&#8221; global_colors_info=&#8221;{}&#8221;][et_pb_text _builder_version=&#8221;4.21.0&#8243; _module_preset=&#8221;8aa5f111-faef-4104-af48-83b100dc9f92&#8243; text_text_color=&#8221;gcid-ba1cc06b-7f3f-496c-9934-f47e54ce2c2c&#8221; ul_font=&#8221;Source Sans Pro||||||||&#8221; ul_line_height=&#8221;1.7em&#8221; global_colors_info=&#8221;{%22gcid-f85ae0c9-fd65-448b-93e8-9cc62cbcda12%22:%91%22header_text_color%22,%22header_2_text_color%22,%22header_text_color%22,%22header_2_text_color%22%93,%22gcid-ba1cc06b-7f3f-496c-9934-f47e54ce2c2c%22:%91%22text_text_color%22%93}&#8221;]<\/p>\n<p><strong>De speeltuin :<\/strong><\/p>\n<ul>\n<li>10 tot 17u: oktober &#8211; maart<\/li>\n<li>10 tot 19 uur: april &#8211; september<\/li>\n<\/ul>\n<p>[\/et_pb_text][\/et_pb_column][et_pb_column type=&#8221;1_3&#8243; _builder_version=&#8221;4.21.0&#8243; _module_preset=&#8221;default&#8221; global_colors_info=&#8221;{}&#8221;][et_pb_text _builder_version=&#8221;4.21.0&#8243; _module_preset=&#8221;default&#8221; text_text_color=&#8221;gcid-ba1cc06b-7f3f-496c-9934-f47e54ce2c2c&#8221; ul_font=&#8221;Source Sans Pro||||||||&#8221; ul_line_height=&#8221;1.7em&#8221; global_colors_info=&#8221;{%22gcid-f85ae0c9-fd65-448b-93e8-9cc62cbcda12%22:%91%22header_text_color%22,%22header_2_text_color%22,%22header_text_color%22,%22header_2_text_color%22%93,%22gcid-ba1cc06b-7f3f-496c-9934-f47e54ce2c2c%22:%91%22text_text_color%22%93}&#8221;]<\/p>\n<p><strong>De brasserie :<\/strong><\/p>\n<ul>\n<li>11 tot 19u: april &#8211; september<\/li>\n<li>12.00 tot 17.00: W-E &amp; woensdag<\/li>\n<\/ul>\n<p>[\/et_pb_text][\/et_pb_column][et_pb_column type=&#8221;1_3&#8243; _builder_version=&#8221;4.21.0&#8243; _module_preset=&#8221;default&#8221; global_colors_info=&#8221;{}&#8221;][et_pb_text _builder_version=&#8221;4.21.0&#8243; _module_preset=&#8221;default&#8221; text_text_color=&#8221;gcid-ba1cc06b-7f3f-496c-9934-f47e54ce2c2c&#8221; ul_font=&#8221;Source Sans Pro||||||||&#8221; ul_line_height=&#8221;1.7em&#8221; global_colors_info=&#8221;{%22gcid-f85ae0c9-fd65-448b-93e8-9cc62cbcda12%22:%91%22header_text_color%22,%22header_2_text_color%22,%22header_text_color%22,%22header_2_text_color%22%93,%22gcid-ba1cc06b-7f3f-496c-9934-f47e54ce2c2c%22:%91%22text_text_color%22%93}&#8221;]<\/p>\n<p><strong>Vissen :<\/strong><\/p>\n<ul>\n<li>van de 2e zaterdag in maart tot de 2e zondag in december, vanaf de opening tot 1 uur voor sluitingstijd van de BDR<\/li>\n<\/ul>\n<p>[\/et_pb_text][\/et_pb_column][\/et_pb_row][\/et_pb_section][et_pb_section fb_built=&#8221;1&#8243; custom_padding_last_edited=&#8221;on|phone&#8221; admin_label=&#8221;Info point&#8221; _builder_version=&#8221;4.24.3&#8243; _module_preset=&#8221;default&#8221; custom_padding_tablet=&#8221;&#8221; custom_padding_phone=&#8221;||0px||false|false&#8221; da_disable_devices=&#8221;off|off|off&#8221; global_colors_info=&#8221;{}&#8221; da_is_popup=&#8221;off&#8221; da_exit_intent=&#8221;off&#8221; da_has_close=&#8221;on&#8221; da_alt_close=&#8221;off&#8221; da_dark_close=&#8221;off&#8221; da_not_modal=&#8221;on&#8221; da_is_singular=&#8221;off&#8221; da_with_loader=&#8221;off&#8221; da_has_shadow=&#8221;on&#8221;][et_pb_row module_id=&#8221;point-info&#8221; _builder_version=&#8221;4.25.0&#8243; _module_preset=&#8221;default&#8221; global_colors_info=&#8221;{}&#8221;][et_pb_column type=&#8221;4_4&#8243; _builder_version=&#8221;4.21.0&#8243; _module_preset=&#8221;default&#8221; global_colors_info=&#8221;{}&#8221;][et_pb_image src=&#8221;https:\/\/www.boisdesreves.be\/wp-content\/uploads\/2023\/11\/Groupe-69.png&#8221; title_text=&#8221;Groupe 69&#8243; _builder_version=&#8221;4.21.0&#8243; _module_preset=&#8221;default&#8221; width=&#8221;30px&#8221; custom_margin=&#8221;||1rem||false|false&#8221; global_colors_info=&#8221;{}&#8221;][\/et_pb_image][et_pb_text _builder_version=&#8221;4.24.3&#8243; _module_preset=&#8221;8aa5f111-faef-4104-af48-83b100dc9f92&#8243; max_width=&#8221;650px&#8221; header_font_size_tablet=&#8221;&#8221; header_font_size_phone=&#8221;&#8221; header_font_size_last_edited=&#8221;on|phone&#8221; global_colors_info=&#8221;{%22gcid-f85ae0c9-fd65-448b-93e8-9cc62cbcda12%22:%91%22header_2_text_color%22%93}&#8221;]<\/p>\n<h2>Infopunt<\/h2>\n<p>[\/et_pb_text][\/et_pb_column][\/et_pb_row][et_pb_row column_structure=&#8221;1_2,1_2&#8243; make_equal=&#8221;on&#8221; _builder_version=&#8221;4.25.0&#8243; _module_preset=&#8221;default&#8221; background_color=&#8221;gcid-732bf70e-1304-49c4-8803-7da7f06e9833&#8243; width_tablet=&#8221;&#8221; width_phone=&#8221;100%&#8221; width_last_edited=&#8221;on|phone&#8221; custom_margin=&#8221;|auto|121px|auto|false|false&#8221; custom_margin_tablet=&#8221;|auto|121px|auto|false|false&#8221; custom_margin_phone=&#8221;||0px||false|true&#8221; custom_margin_last_edited=&#8221;on|phone&#8221; custom_padding=&#8221;0px||0px||false|false&#8221; global_colors_info=&#8221;{%22gcid-732bf70e-1304-49c4-8803-7da7f06e9833%22:%91%22background_color%22%93}&#8221;][et_pb_column type=&#8221;1_2&#8243; _builder_version=&#8221;4.24.3&#8243; _module_preset=&#8221;default&#8221; custom_padding=&#8221;3rem|4rem|3rem|4rem|true|true&#8221; custom_padding_tablet=&#8221;3rem|4rem|3rem|4rem|true|true&#8221; custom_padding_phone=&#8221;2rem|10%|2rem|10%|true|true&#8221; custom_padding_last_edited=&#8221;on|phone&#8221; custom_css_main_element=&#8221;margin:auto&#8221; global_colors_info=&#8221;{}&#8221;][et_pb_text _builder_version=&#8221;4.25.0&#8243; _module_preset=&#8221;8aa5f111-faef-4104-af48-83b100dc9f92&#8243; text_text_color=&#8221;#00541D&#8221; text_font_size=&#8221;20px&#8221; text_line_height=&#8221;1.8em&#8221; ul_font=&#8221;Source Sans Pro||||||||&#8221; ul_line_height=&#8221;1.8em&#8221; custom_css_main_element=&#8221;margin:auto&#8221; global_colors_info=&#8221;{}&#8221;]<\/p>\n<p>Bij het Informatiepunt (gelegen bij de oever links van de vijver) kun je gratis kaarten krijgen van alle wandelroutes, ori\u00ebntatielopen en alle andere informatie over activiteiten in het Bois des R\u00eaves.<\/p>\n<p>Openingsuren en -dagen van dit Infopunt kunnen vari\u00ebren afhankelijk van het aantal bezoekers.<\/p>\n<p>[\/et_pb_text][\/et_pb_column][et_pb_column type=&#8221;1_2&#8243; _builder_version=&#8221;4.21.0&#8243; _module_preset=&#8221;default&#8221; global_colors_info=&#8221;{}&#8221;][et_pb_image src=&#8221;https:\/\/www.boisdesreves.be\/wp-content\/uploads\/2023\/11\/bdr-en-pratique.jpg&#8221; alt=&#8221;Foto van 3 hangende vlaggen. 2 zijn die van het Droombos en de 3e is die van de provincie Waals-Brabant. &#8221; title_text=&#8221;bdr-en-pratique&#8221; show_bottom_space=&#8221;off&#8221; _builder_version=&#8221;4.26.0&#8243; _module_preset=&#8221;default&#8221; transform_scale=&#8221;126%|126%&#8221; transform_scale_tablet=&#8221;126%|126%&#8221; transform_scale_phone=&#8221;100%|100%&#8221; transform_scale_last_edited=&#8221;on|tablet&#8221; transform_translate=&#8221;0px|100px&#8221; transform_translate_tablet=&#8221;0px|60px&#8221; transform_translate_phone=&#8221;0px|0px&#8221; transform_translate_last_edited=&#8221;on|phone&#8221; transform_translate_linked=&#8221;off&#8221; transform_rotate_tablet=&#8221;&#8221; transform_rotate_phone=&#8221;&#8221; transform_rotate_last_edited=&#8221;on|phone&#8221; transform_skew_tablet=&#8221;&#8221; transform_skew_phone=&#8221;&#8221; transform_skew_last_edited=&#8221;on|phone&#8221; transform_origin_tablet=&#8221;&#8221; transform_origin_phone=&#8221;&#8221; transform_origin_last_edited=&#8221;on|phone&#8221; transform_styles_last_edited=&#8221;on|phone&#8221; custom_margin=&#8221;||||false|false&#8221; transform_styles_tablet=&#8221;&#8221; transform_styles_phone=&#8221;&#8221; global_colors_info=&#8221;{%22gcid-732bf70e-1304-49c4-8803-7da7f06e9833%22:%91%22box_shadow_color%22%93}&#8221;][\/et_pb_image][\/et_pb_column][\/et_pb_row][\/et_pb_section][et_pb_section fb_built=&#8221;1&#8243; disabled_on=&#8221;on|on|on&#8221; admin_label=&#8221;Access and parking&#8221; _builder_version=&#8221;4.21.0&#8243; _module_preset=&#8221;default&#8221; da_disable_devices=&#8221;off|off|off&#8221; disabled=&#8221;on&#8221; global_colors_info=&#8221;{}&#8221; da_is_popup=&#8221;off&#8221; da_exit_intent=&#8221;off&#8221; da_has_close=&#8221;on&#8221; da_alt_close=&#8221;off&#8221; da_dark_close=&#8221;off&#8221; da_not_modal=&#8221;on&#8221; da_is_singular=&#8221;off&#8221; da_with_loader=&#8221;off&#8221; da_has_shadow=&#8221;on&#8221;][et_pb_row _builder_version=&#8221;4.21.0&#8243; _module_preset=&#8221;default&#8221; global_colors_info=&#8221;{}&#8221;][et_pb_column type=&#8221;4_4&#8243; _builder_version=&#8221;4.21.0&#8243; _module_preset=&#8221;default&#8221; global_colors_info=&#8221;{}&#8221;][et_pb_text _builder_version=&#8221;4.21.0&#8243; _module_preset=&#8221;8aa5f111-faef-4104-af48-83b100dc9f92&#8243; max_width=&#8221;650px&#8221; global_colors_info=&#8221;{%22gcid-f85ae0c9-fd65-448b-93e8-9cc62cbcda12%22:%91%22header_2_text_color%22%93}&#8221;]<\/p>\n<h2>Toegang &amp; parking<\/h2>\n<p>[\/et_pb_text][\/et_pb_column][\/et_pb_row][et_pb_row column_structure=&#8221;1_3,1_3,1_3&#8243; _builder_version=&#8221;4.21.0&#8243; _module_preset=&#8221;default&#8221; background_image=&#8221;https:\/\/www.boisdesreves.be\/wp-content\/uploads\/2023\/08\/IMG-20230315-WA0064.jpg&#8221; custom_padding=&#8221;2rem|2rem|2rem|2rem|true|true&#8221; global_colors_info=&#8221;{}&#8221;][et_pb_column type=&#8221;1_3&#8243; _builder_version=&#8221;4.21.0&#8243; _module_preset=&#8221;default&#8221; global_colors_info=&#8221;{}&#8221;][\/et_pb_column][et_pb_column type=&#8221;1_3&#8243; _builder_version=&#8221;4.21.0&#8243; _module_preset=&#8221;default&#8221; global_colors_info=&#8221;{}&#8221;][\/et_pb_column][et_pb_column type=&#8221;1_3&#8243; _builder_version=&#8221;4.21.0&#8243; _module_preset=&#8221;default&#8221; background_color=&#8221;#FFFFFF&#8221; custom_padding=&#8221;2rem|2rem|2rem|2rem|true|true&#8221; global_colors_info=&#8221;{}&#8221;][et_pb_text _builder_version=&#8221;4.21.0&#8243; _module_preset=&#8221;default&#8221; text_font_size=&#8221;20px&#8221; text_line_height=&#8221;1.6em&#8221; background_enable_color=&#8221;off&#8221; max_width=&#8221;300px&#8221; module_alignment=&#8221;right&#8221; custom_margin=&#8221;||||false|false&#8221; custom_padding=&#8221;||||false|false&#8221; global_colors_info=&#8221;{}&#8221;]<\/p>\n<p>LE BOIS DES R\u00caVES<br \/>All\u00e9e du Bois des R\u00eaves, 1<br \/>1340 Ottignies-L.L.N.<a href=\"https:\/\/goo.gl\/maps\/APTHpPqVbt2gL3DCA\" target=\"_blank\" rel=\"noopener\"><span class=\"et-pb-icon\" aria-hidden=\"true\"><\/span><\/a><\/p>\n<p>[\/et_pb_text][dsm_button button_one_text=&#8221;Routebeschrijving&#8221; _builder_version=&#8221;4.21.0&#8243; _module_preset=&#8221;default&#8221; custom_button_one=&#8221;on&#8221; button_one_text_size=&#8221;16px&#8221; button_one_text_color=&#8221;#FFFFFF&#8221; button_one_bg_color=&#8221;gcid-f85ae0c9-fd65-448b-93e8-9cc62cbcda12&#8243; button_one_border_color=&#8221;gcid-f85ae0c9-fd65-448b-93e8-9cc62cbcda12&#8243; button_one_font=&#8221;Source Sans Pro|600|||||||&#8221; button_one_icon=&#8221;&#xf277;||fa||900&#8243; button_one_icon_color=&#8221;#FFFFFF&#8221; button_one_icon_placement=&#8221;left&#8221; button_one_on_hover=&#8221;off&#8221; global_colors_info=&#8221;{%22gcid-f85ae0c9-fd65-448b-93e8-9cc62cbcda12%22:%91%22button_one_bg_color%22,%22button_one_border_color%22%93}&#8221;][\/dsm_button][\/et_pb_column][\/et_pb_row][et_pb_row column_structure=&#8221;1_3,1_3,1_3&#8243; _builder_version=&#8221;4.21.0&#8243; _module_preset=&#8221;default&#8221; background_color=&#8221;gcid-732bf70e-1304-49c4-8803-7da7f06e9833&#8243; custom_padding=&#8221;2rem|2rem|2rem|2rem|true|true&#8221; global_colors_info=&#8221;{%22gcid-732bf70e-1304-49c4-8803-7da7f06e9833%22:%91%22background_color%22%93}&#8221;][et_pb_column type=&#8221;1_3&#8243; _builder_version=&#8221;4.21.0&#8243; _module_preset=&#8221;default&#8221; global_colors_info=&#8221;{}&#8221;][et_pb_text _builder_version=&#8221;4.21.0&#8243; _module_preset=&#8221;default&#8221; global_colors_info=&#8221;{}&#8221;]<\/p>\n<p><strong>Met de auto:<\/strong><\/p>\n<ul>\n<li>Via de E411 autosnelweg (Brussel-Namen),<\/li>\n<li>Afrit n\u00b09 (Corroy-Le-Grand)<\/li>\n<li>Richting Nijvel (Nivelles) (N25)<\/li>\n<li>Afrit \u00ab Bois des R\u00eaves-Mont-Saint-Guibert \u00bb<\/li>\n<\/ul>\n<p>[\/et_pb_text][\/et_pb_column][et_pb_column type=&#8221;1_3&#8243; _builder_version=&#8221;4.21.0&#8243; _module_preset=&#8221;default&#8221; global_colors_info=&#8221;{}&#8221;][et_pb_text _builder_version=&#8221;4.21.0&#8243; _module_preset=&#8221;default&#8221; global_colors_info=&#8221;{}&#8221;]<\/p>\n<p><strong>Met de trein:<\/strong><\/p>\n<ul>\n<li>Tot het station van Ottignies neem je een lokale trein in de richting van Charleroi.<\/li>\n<li>Stap uit aan de halte C\u00e9roux-Mousty<\/li>\n<li>Volg de borden &#8220;Bois des R\u00eaves&#8221; (+\/-15 minuten)<\/li>\n<\/ul>\n<p>[\/et_pb_text][\/et_pb_column][et_pb_column type=&#8221;1_3&#8243; _builder_version=&#8221;4.21.0&#8243; _module_preset=&#8221;default&#8221; global_colors_info=&#8221;{}&#8221;][et_pb_text _builder_version=&#8221;4.21.0&#8243; _module_preset=&#8221;default&#8221; global_colors_info=&#8221;{}&#8221;]<\/p>\n<p><strong>De parkings :<\/strong><\/p>\n<ul>\n<li>Parking P1 : 210 plaatsen met plaatsen voor bussen en personen met beperkte mobiliteit.<\/li>\n<li>Parking P2 : 400 plaatsen (open tijdens piekperiodes)<\/li>\n<li>Parking voor fietsen en motoren bij de ingang<\/li>\n<\/ul>\n<p>Bois des R\u00eaves heeft het label \u2018Fiets Welkom\u2019<\/p>\n<p>[\/et_pb_text][\/et_pb_column][\/et_pb_row][\/et_pb_section][et_pb_section fb_built=&#8221;1&#8243; custom_padding_last_edited=&#8221;on|phone&#8221; admin_label=&#8221;Access and parking&#8221; _builder_version=&#8221;4.24.3&#8243; _module_preset=&#8221;default&#8221; custom_padding_tablet=&#8221;&#8221; custom_padding_phone=&#8221;||0px||false|false&#8221; da_disable_devices=&#8221;off|off|off&#8221; global_colors_info=&#8221;{}&#8221; da_is_popup=&#8221;off&#8221; da_exit_intent=&#8221;off&#8221; da_has_close=&#8221;on&#8221; da_alt_close=&#8221;off&#8221; da_dark_close=&#8221;off&#8221; da_not_modal=&#8221;on&#8221; da_is_singular=&#8221;off&#8221; da_with_loader=&#8221;off&#8221; da_has_shadow=&#8221;on&#8221;][et_pb_row module_id=&#8221;acces-et-parking&#8221; _builder_version=&#8221;4.25.0&#8243; _module_preset=&#8221;default&#8221; global_colors_info=&#8221;{}&#8221;][et_pb_column type=&#8221;4_4&#8243; _builder_version=&#8221;4.21.0&#8243; _module_preset=&#8221;default&#8221; global_colors_info=&#8221;{}&#8221;][et_pb_image src=&#8221;https:\/\/www.boisdesreves.be\/wp-content\/uploads\/2023\/11\/Groupe-5.png&#8221; title_text=&#8221;Groupe 5&#8243; _builder_version=&#8221;4.21.0&#8243; _module_preset=&#8221;default&#8221; width=&#8221;30px&#8221; custom_margin=&#8221;||1rem||false|false&#8221; global_colors_info=&#8221;{}&#8221;][\/et_pb_image][et_pb_text _builder_version=&#8221;4.21.0&#8243; _module_preset=&#8221;8aa5f111-faef-4104-af48-83b100dc9f92&#8243; max_width=&#8221;650px&#8221; global_colors_info=&#8221;{%22gcid-f85ae0c9-fd65-448b-93e8-9cc62cbcda12%22:%91%22header_2_text_color%22%93}&#8221;]<\/p>\n<h2>Toegang &amp; parking<\/h2>\n<p>[\/et_pb_text][\/et_pb_column][\/et_pb_row][et_pb_row column_structure=&#8221;3_5,2_5&#8243; _builder_version=&#8221;4.24.3&#8243; _module_preset=&#8221;default&#8221; use_background_color_gradient=&#8221;on&#8221; background_color_gradient_stops=&#8221;rgba(0,0,0,0.5) 0%|rgba(0,0,0,0) 100%&#8221; background_color_gradient_overlays_image=&#8221;on&#8221; background_image=&#8221;https:\/\/www.boisdesreves.be\/wp-content\/uploads\/2024\/04\/bdr-brasserie-footer.jpg&#8221; width_tablet=&#8221;&#8221; width_phone=&#8221;100%&#8221; width_last_edited=&#8221;on|phone&#8221; custom_padding=&#8221;3rem|3rem|3rem|3rem|true|true&#8221; global_colors_info=&#8221;{}&#8221;][et_pb_column type=&#8221;3_5&#8243; _builder_version=&#8221;4.24.3&#8243; _module_preset=&#8221;default&#8221; global_colors_info=&#8221;{}&#8221;][\/et_pb_column][et_pb_column type=&#8221;2_5&#8243; _builder_version=&#8221;4.26.0&#8243; _module_preset=&#8221;default&#8221; background_color=&#8221;#FFFFFF&#8221; custom_padding=&#8221;3rem|3rem|3rem|3rem|true|true&#8221; custom_padding_tablet=&#8221;3rem|3rem|3rem|3rem|true|false&#8221; custom_padding_phone=&#8221;2rem|2rem|2rem|2rem|true|true&#8221; custom_padding_last_edited=&#8221;on|phone&#8221; custom_css_main_element=&#8221;width: auto;&#8221; global_colors_info=&#8221;{}&#8221;][et_pb_text _builder_version=&#8221;4.26.0&#8243; _module_preset=&#8221;default&#8221; text_font_size=&#8221;20px&#8221; text_line_height=&#8221;1.6em&#8221; background_enable_color=&#8221;off&#8221; max_width=&#8221;300px&#8221; max_width_tablet=&#8221;300px&#8221; max_width_phone=&#8221;300px&#8221; max_width_last_edited=&#8221;on|tablet&#8221; module_alignment=&#8221;right&#8221; custom_margin=&#8221;||||false|false&#8221; custom_margin_tablet=&#8221;||||false|false&#8221; custom_margin_phone=&#8221;||||false|false&#8221; custom_margin_last_edited=&#8221;on|tablet&#8221; custom_padding=&#8221;||||false|false&#8221; text_orientation_tablet=&#8221;&#8221; text_orientation_phone=&#8221;&#8221; text_orientation_last_edited=&#8221;on|tablet&#8221; module_alignment_tablet=&#8221;left&#8221; module_alignment_phone=&#8221;left&#8221; module_alignment_last_edited=&#8221;on|tablet&#8221; global_colors_info=&#8221;{}&#8221;]<\/p>\n<p>Le Bois des R\u00eaves<br \/>All\u00e9e du Bois des R\u00eaves, 1<br \/>1340 Ottignies-L.L.N<\/p>\n<p>[\/et_pb_text][dsm_button button_one_css=&#8221;bdr_nav_elements&#8221; button_one_text=&#8221;Routebeschrijving&#8221; button_one_url=&#8221;https:\/\/maps.app.goo.gl\/WBeaiX2gpvKjcDSy9&#8243; button_one_url_new_window=&#8221;on&#8221; _builder_version=&#8221;4.26.0&#8243; _module_preset=&#8221;default&#8221; custom_button_one=&#8221;on&#8221; button_one_text_size=&#8221;16px&#8221; button_one_text_color=&#8221;#FFFFFF&#8221; button_one_bg_color=&#8221;gcid-f85ae0c9-fd65-448b-93e8-9cc62cbcda12&#8243; button_one_border_color=&#8221;gcid-f85ae0c9-fd65-448b-93e8-9cc62cbcda12&#8243; button_one_font=&#8221;Source Sans Pro|600|||||||&#8221; button_one_icon=&#8221;&#xf277;||fa||900&#8243; button_one_icon_color=&#8221;#FFFFFF&#8221; button_one_icon_placement=&#8221;left&#8221; button_one_on_hover=&#8221;off&#8221; global_colors_info=&#8221;{%22gcid-f85ae0c9-fd65-448b-93e8-9cc62cbcda12%22:%91%22button_one_bg_color%22,%22button_one_border_color%22%93}&#8221;][\/dsm_button][\/et_pb_column][\/et_pb_row][et_pb_row column_structure=&#8221;1_2,1_2&#8243; _builder_version=&#8221;4.24.3&#8243; _module_preset=&#8221;default&#8221; background_color=&#8221;gcid-732bf70e-1304-49c4-8803-7da7f06e9833&#8243; width_tablet=&#8221;&#8221; width_phone=&#8221;100%&#8221; width_last_edited=&#8221;on|phone&#8221; custom_padding=&#8221;3rem|3rem||3rem|false|true&#8221; global_colors_info=&#8221;{%22gcid-732bf70e-1304-49c4-8803-7da7f06e9833%22:%91%22background_color%22%93}&#8221;][et_pb_column type=&#8221;1_2&#8243; _builder_version=&#8221;4.21.0&#8243; _module_preset=&#8221;default&#8221; global_colors_info=&#8221;{}&#8221;][et_pb_text _builder_version=&#8221;4.21.0&#8243; _module_preset=&#8221;8aa5f111-faef-4104-af48-83b100dc9f92&#8243; text_text_color=&#8221;gcid-ba1cc06b-7f3f-496c-9934-f47e54ce2c2c&#8221; global_colors_info=&#8221;{%22gcid-f85ae0c9-fd65-448b-93e8-9cc62cbcda12%22:%91%22header_text_color%22,%22header_2_text_color%22,%22header_text_color%22,%22header_2_text_color%22%93,%22gcid-ba1cc06b-7f3f-496c-9934-f47e54ce2c2c%22:%91%22text_text_color%22%93}&#8221;]<\/p>\n<p><strong>Met de auto:<\/strong><\/p>\n<p><strong><\/strong><\/p>\n<ul>\n<li>Via de E411 autosnelweg (Brussel-Namen),<\/li>\n<li>Afrit n\u00b09 (Corroy-Le-Grand)<\/li>\n<li>Richting Nijvel (Nivelles) (N25)<\/li>\n<li>Afrit \u00ab Bois des R\u00eaves-Mont-Saint-Guibert \u00bb<\/li>\n<\/ul>\n<p>[\/et_pb_text][\/et_pb_column][et_pb_column type=&#8221;1_2&#8243; _builder_version=&#8221;4.21.0&#8243; _module_preset=&#8221;default&#8221; global_colors_info=&#8221;{}&#8221;][et_pb_text _builder_version=&#8221;4.21.0&#8243; _module_preset=&#8221;8aa5f111-faef-4104-af48-83b100dc9f92&#8243; text_text_color=&#8221;gcid-ba1cc06b-7f3f-496c-9934-f47e54ce2c2c&#8221; global_colors_info=&#8221;{%22gcid-f85ae0c9-fd65-448b-93e8-9cc62cbcda12%22:%91%22header_text_color%22,%22header_2_text_color%22,%22header_text_color%22,%22header_2_text_color%22%93,%22gcid-ba1cc06b-7f3f-496c-9934-f47e54ce2c2c%22:%91%22text_text_color%22%93}&#8221;]<\/p>\n<p><strong>Met de trein:<\/strong><\/p>\n<p><strong><\/strong><\/p>\n<ul>\n<li>Tot het station van Ottignies neem je een lokale trein in de richting van Charleroi.<\/li>\n<li>Stap uit aan de halte C\u00e9roux-Mousty<\/li>\n<li>Volg de borden &#8220;Bois des R\u00eaves&#8221; (+\/-15 minuten)<\/li>\n<\/ul>\n<p>[\/et_pb_text][\/et_pb_column][\/et_pb_row][et_pb_row custom_padding_last_edited=&#8221;on|phone&#8221; _builder_version=&#8221;4.24.3&#8243; _module_preset=&#8221;default&#8221; background_color=&#8221;gcid-732bf70e-1304-49c4-8803-7da7f06e9833&#8243; width_tablet=&#8221;&#8221; width_phone=&#8221;100%&#8221; width_last_edited=&#8221;on|phone&#8221; custom_padding=&#8221;|3rem|3rem|3rem|false|true&#8221; custom_padding_tablet=&#8221;|3rem|3rem|3rem|false|true&#8221; custom_padding_phone=&#8221;0px||||false|true&#8221; global_colors_info=&#8221;{%22gcid-732bf70e-1304-49c4-8803-7da7f06e9833%22:%91%22background_color%22%93}&#8221;][et_pb_column type=&#8221;4_4&#8243; _builder_version=&#8221;4.21.0&#8243; _module_preset=&#8221;default&#8221; global_colors_info=&#8221;{}&#8221;][et_pb_text _builder_version=&#8221;4.21.0&#8243; _module_preset=&#8221;8aa5f111-faef-4104-af48-83b100dc9f92&#8243; text_text_color=&#8221;gcid-ba1cc06b-7f3f-496c-9934-f47e54ce2c2c&#8221; global_colors_info=&#8221;{%22gcid-f85ae0c9-fd65-448b-93e8-9cc62cbcda12%22:%91%22header_text_color%22,%22header_2_text_color%22,%22header_text_color%22,%22header_2_text_color%22%93,%22gcid-ba1cc06b-7f3f-496c-9934-f47e54ce2c2c%22:%91%22text_text_color%22%93}&#8221;]<\/p>\n<p><strong>De parkings :<\/strong><\/p>\n<ul>\n<li>Parking P1 : 210 plaatsen met plaatsen voor bussen en personen met beperkte mobiliteit.<\/li>\n<li>Parking P2 : 400 places<\/li>\n<li>Parking voor fietsen en motoren bij de ingang<\/li>\n<\/ul>\n<p>[\/et_pb_text][et_pb_text module_class=&#8221;velo_text&#8221; _builder_version=&#8221;4.27.4&#8243; _module_preset=&#8221;8aa5f111-faef-4104-af48-83b100dc9f92&#8243; text_text_color=&#8221;gcid-ba1cc06b-7f3f-496c-9934-f47e54ce2c2c&#8221; custom_css_free_form=&#8221;.velo_text .et_pb_text_inner img {||  width: 70px||}&#8221; global_colors_info=&#8221;{%22gcid-f85ae0c9-fd65-448b-93e8-9cc62cbcda12%22:%91%22header_text_color%22,%22header_2_text_color%22,%22header_text_color%22,%22header_2_text_color%22%93,%22gcid-ba1cc06b-7f3f-496c-9934-f47e54ce2c2c%22:%91%22text_text_color%22%93}&#8221;]<img decoding=\"async\" src=\"https:\/\/www.boisdesreves.be\/wp-content\/uploads\/2024\/04\/bienvenue-velo-logo-e1713344920614.png\" alt=\"\"><\/p>\n<p>Le Bois des R\u00eaves heeft het label Bienvenue V\u00e9lo en biedt fietsers een reeks diensten en faciliteiten op maat. Je vindt er fietsparkeerplaatsen, een reparatieset en informatie.[\/et_pb_text][\/et_pb_column][\/et_pb_row][\/et_pb_section][et_pb_section fb_built=&#8221;1&#8243; disabled_on=&#8221;off|off|off&#8221; admin_label=&#8221;Plan&#8221; module_id=&#8221;plan-du-domaine&#8221; _builder_version=&#8221;4.26.0&#8243; _module_preset=&#8221;default&#8221; da_disable_devices=&#8221;off|off|off&#8221; global_colors_info=&#8221;{}&#8221; da_is_popup=&#8221;off&#8221; da_exit_intent=&#8221;off&#8221; da_has_close=&#8221;on&#8221; da_alt_close=&#8221;off&#8221; da_dark_close=&#8221;off&#8221; da_not_modal=&#8221;on&#8221; da_is_singular=&#8221;off&#8221; da_with_loader=&#8221;off&#8221; da_has_shadow=&#8221;on&#8221;][et_pb_row module_id=&#8221;plan-du-domaine&#8221; _builder_version=&#8221;4.24.3&#8243; _module_preset=&#8221;default&#8221; global_colors_info=&#8221;{}&#8221;][et_pb_column type=&#8221;4_4&#8243; _builder_version=&#8221;4.21.0&#8243; _module_preset=&#8221;default&#8221; global_colors_info=&#8221;{}&#8221;][et_pb_image src=&#8221;https:\/\/www.boisdesreves.be\/wp-content\/uploads\/2023\/11\/Groupe-50.png&#8221; title_text=&#8221;Groupe 50&#8243; _builder_version=&#8221;4.21.0&#8243; _module_preset=&#8221;default&#8221; width=&#8221;30px&#8221; custom_margin=&#8221;||1rem||false|false&#8221; global_colors_info=&#8221;{}&#8221;][\/et_pb_image][et_pb_text _builder_version=&#8221;4.21.0&#8243; _module_preset=&#8221;8aa5f111-faef-4104-af48-83b100dc9f92&#8243; max_width=&#8221;650px&#8221; global_colors_info=&#8221;{%22gcid-f85ae0c9-fd65-448b-93e8-9cc62cbcda12%22:%91%22header_2_text_color%22%93}&#8221;]<\/p>\n<h2>Kaart van het domein<\/h2>\n<p>[\/et_pb_text][\/et_pb_column][\/et_pb_row][et_pb_row _builder_version=&#8221;4.24.3&#8243; _module_preset=&#8221;default&#8221; background_enable_image=&#8221;off&#8221; width_tablet=&#8221;&#8221; width_phone=&#8221;90%&#8221; width_last_edited=&#8221;on|phone&#8221; module_alignment=&#8221;center&#8221; custom_margin=&#8221;|0px||0px|false|true&#8221; custom_padding=&#8221;0px|0px|0px|0px|true|true&#8221; border_width_all=&#8221;1px&#8221; border_color_all=&#8221;gcid-f85ae0c9-fd65-448b-93e8-9cc62cbcda12&#8243; border_style_all=&#8221;dashed&#8221; global_colors_info=&#8221;{%22gcid-f85ae0c9-fd65-448b-93e8-9cc62cbcda12%22:%91%22border_color_all%22%93}&#8221;][et_pb_column type=&#8221;4_4&#8243; _builder_version=&#8221;4.21.0&#8243; _module_preset=&#8221;default&#8221; global_colors_info=&#8221;{}&#8221;][dsm_perspective_image src=&#8221;https:\/\/www.boisdesreves.be\/wp-content\/uploads\/2024\/04\/1713346121799-e37f8441-c8ab-43b2-9f34-da0292c8806f_1.jpg&#8221; title_text=&#8221;1713346121799-e37f8441-c8ab-43b2-9f34-da0292c8806f_1&#8243; url=&#8221;\/wp-content\/uploads\/2024\/04\/BDR-Plan-general-2024-Auteur.pdf&#8221; use_overlay=&#8221;on&#8221; hover_overlay_color=&#8221;rgba(0,84,29,0.2)&#8221; overlay_icon_color=&#8221;gcid-606d042f-c90f-4ea6-97e7-7b08f1ba25f6&#8243; hover_icon=&#8221;&#xf1c1;||fa||400&#8243; align=&#8221;center&#8221; module_class=&#8221;plan-domaine&#8221; _builder_version=&#8221;4.25.0&#8243; _module_preset=&#8221;default&#8221; width=&#8221;100%&#8221; max_width=&#8221;100%&#8221; custom_margin=&#8221;0px|0px|0px|0px|true|true&#8221; custom_padding=&#8221;0px|0px|0px|0px|true|true&#8221; custom_css_free_form=&#8221;.plan-domaine img {||  width: 100%;||}||||.plan-domaine .et_pb_image_wrap {||  width: 100%||}||||.plan-domaine .et_pb_image_wrap .et_overlay:before {||  font-size: 64px;||}||||@media all and (max-width: 767px) {||\t.plan-domaine .et_pb_image_wrap .et_overlay:before {||  font-size: 48px;||}||}&#8221; global_colors_info=&#8221;{%22gcid-606d042f-c90f-4ea6-97e7-7b08f1ba25f6%22:%91%22overlay_icon_color%22%93}&#8221;][\/dsm_perspective_image][\/et_pb_column][\/et_pb_row][\/et_pb_section][et_pb_section fb_built=&#8221;1&#8243; admin_label=&#8221;FAQ&#8221; module_class=&#8221;faq_section&#8221; _builder_version=&#8221;4.24.3&#8243; _module_preset=&#8221;default&#8221; da_disable_devices=&#8221;off|off|off&#8221; global_colors_info=&#8221;{}&#8221; da_is_popup=&#8221;off&#8221; da_exit_intent=&#8221;off&#8221; da_has_close=&#8221;on&#8221; da_alt_close=&#8221;off&#8221; da_dark_close=&#8221;off&#8221; da_not_modal=&#8221;on&#8221; da_is_singular=&#8221;off&#8221; da_with_loader=&#8221;off&#8221; da_has_shadow=&#8221;on&#8221;][et_pb_row module_id=&#8221;foire-aux-questions&#8221; _builder_version=&#8221;4.24.3&#8243; _module_preset=&#8221;default&#8221; global_colors_info=&#8221;{}&#8221;][et_pb_column type=&#8221;4_4&#8243; _builder_version=&#8221;4.21.0&#8243; _module_preset=&#8221;default&#8221; global_colors_info=&#8221;{}&#8221;][et_pb_image src=&#8221;https:\/\/www.boisdesreves.be\/wp-content\/uploads\/2023\/11\/Groupe-70.png&#8221; title_text=&#8221;Groupe 70&#8243; _builder_version=&#8221;4.24.3&#8243; _module_preset=&#8221;default&#8221; width=&#8221;30px&#8221; custom_margin=&#8221;||1rem||false|false&#8221; global_colors_info=&#8221;{}&#8221;][\/et_pb_image][et_pb_text _builder_version=&#8221;4.24.3&#8243; _module_preset=&#8221;8aa5f111-faef-4104-af48-83b100dc9f92&#8243; max_width=&#8221;650px&#8221; custom_margin=&#8221;||0px||false|false&#8221; custom_padding=&#8221;|0px|||false|false&#8221; global_colors_info=&#8221;{%22gcid-f85ae0c9-fd65-448b-93e8-9cc62cbcda12%22:%91%22header_2_text_color%22%93}&#8221;]<\/p>\n<h2>Veelgestelde vragen<\/h2>\n<p>[\/et_pb_text][et_pb_text _builder_version=&#8221;4.24.3&#8243; _module_preset=&#8221;8aa5f111-faef-4104-af48-83b100dc9f92&#8243; text_font_size=&#8221;20px&#8221; custom_margin=&#8221;0px||||false|false&#8221; custom_padding=&#8221;0px|0px|||false|false&#8221; global_colors_info=&#8221;{}&#8221;]<\/p>\n<p>Onze antwoorden op jouw meest gestelde vragen<\/p>\n<p>[\/et_pb_text][et_pb_code _builder_version=&#8221;4.24.3&#8243; _module_preset=&#8221;default&#8221; global_colors_info=&#8221;{}&#8221;]<script><!-- [et_pb_line_break_holder] -->  \t$(document).ready(function() {<!-- [et_pb_line_break_holder] -->      setTimeout(function(){<!-- [et_pb_line_break_holder] -->        $('.faq_section h4').attr('tabindex', '0');<!-- [et_pb_line_break_holder] -->      }, 500);<!-- [et_pb_line_break_holder] -->\t});<!-- [et_pb_line_break_holder] --><\/script>[\/et_pb_code][\/et_pb_column][\/et_pb_row][et_pb_row custom_padding_last_edited=&#8221;on|phone&#8221; admin_label=&#8221;Row&#8221; _builder_version=&#8221;4.24.3&#8243; _module_preset=&#8221;default&#8221; custom_padding_tablet=&#8221;&#8221; custom_padding_phone=&#8221;0px||||false|false&#8221; global_colors_info=&#8221;{}&#8221;][et_pb_column type=&#8221;4_4&#8243; _builder_version=&#8221;4.21.0&#8243; _module_preset=&#8221;default&#8221; global_colors_info=&#8221;{}&#8221;][et_pb_text _builder_version=&#8221;4.24.3&#8243; _module_preset=&#8221;8aa5f111-faef-4104-af48-83b100dc9f92&#8243; global_colors_info=&#8221;{}&#8221;]<\/p>\n<h3>Prijs &#8211; Betaling &#8211; Abonnement<\/h3>\n<p>[\/et_pb_text][\/et_pb_column][\/et_pb_row][et_pb_row column_structure=&#8221;1_2,1_2&#8243; _builder_version=&#8221;4.24.3&#8243; _module_preset=&#8221;default&#8221; width_tablet=&#8221;&#8221; width_phone=&#8221;90%&#8221; width_last_edited=&#8221;on|phone&#8221; custom_padding=&#8221;0px||||false|false&#8221; global_colors_info=&#8221;{}&#8221;][et_pb_column type=&#8221;1_2&#8243; _builder_version=&#8221;4.21.0&#8243; _module_preset=&#8221;default&#8221; custom_padding_tablet=&#8221;&#8221; custom_padding_phone=&#8221;||||false|false&#8221; custom_padding_last_edited=&#8221;on|phone&#8221; custom_css_main_element=&#8221;margin:0&#8243; global_colors_info=&#8221;{}&#8221;][et_pb_toggle title=&#8221;Hoeveel kost een bezoek?&#8221; _builder_version=&#8221;4.24.3&#8243; _module_preset=&#8221;47ddfc88-1de7-46fc-a0e2-0b2859896ca3&#8243; global_colors_info=&#8221;{%22gcid-606d042f-c90f-4ea6-97e7-7b08f1ba25f6%22:%91%22icon_color%22%93,%22gcid-f85ae0c9-fd65-448b-93e8-9cc62cbcda12%22:%91%22open_icon_color%22%93,%22gcid-732bf70e-1304-49c4-8803-7da7f06e9833%22:%91%22open_toggle_background_color%22%93}&#8221;]<\/p>\n<p>De toegang tot het Domein is gratis, enkel de parking is betalend: de toegang kost \u20ac2 en \u20ac20 voor een jaarabonnement.<\/p>\n<p>[\/et_pb_toggle][et_pb_toggle title=&#8221;Is de toegang tot animaties of evenementen betalend?&#8221; open_toggle_text_color=&#8221;gcid-f85ae0c9-fd65-448b-93e8-9cc62cbcda12&#8243; open_toggle_background_color=&#8221;gcid-732bf70e-1304-49c4-8803-7da7f06e9833&#8243; closed_toggle_background_color=&#8221;gcid-732bf70e-1304-49c4-8803-7da7f06e9833&#8243; icon_color=&#8221;gcid-606d042f-c90f-4ea6-97e7-7b08f1ba25f6&#8243; toggle_icon=&#8221;&#x33;||divi||400&#8243; use_icon_font_size=&#8221;on&#8221; icon_font_size=&#8221;24px&#8221; open_icon_color=&#8221;gcid-f85ae0c9-fd65-448b-93e8-9cc62cbcda12&#8243; open_toggle_icon=&#8221;&#x32;||divi||400&#8243; open_use_icon_font_size=&#8221;on&#8221; open_icon_font_size=&#8221;24px&#8221; module_class=&#8221;toggle_faq&#8221; _builder_version=&#8221;4.24.3&#8243; _module_preset=&#8221;default&#8221; title_text_color=&#8221;#000000&#8243; title_level=&#8221;h4&#8243; title_font=&#8221;Source Sans Pro|600|||||||&#8221; title_font_size=&#8221;20px&#8221; closed_title_font=&#8221;Source Sans Pro|600|||||||&#8221; closed_title_font_size=&#8221;20px&#8221; body_font=&#8221;Source Sans Pro||||||||&#8221; body_font_size=&#8221;18px&#8221; custom_margin=&#8221;||||false|false&#8221; custom_padding=&#8221;||||false|false&#8221; custom_css_free_form=&#8221;.et_pb_module.toggle_faq {||\tmargin-bottom: 12px !important;  ||}||||.toggle_faq .et_pb_toggle_content {||  padding-top: 0;||  margin-top: 1rem;||  margin-left: 2.2rem;||}||.toggle_faq .et_pb_toggle_title {||  display: flex;||  gap: 12px;||  padding-right: 0;||}||||.toggle_faq .et_pb_toggle_title:before {||  left: 0;||  right: auto;||  position: relative;||  margin: auto 0;||}&#8221; border_width_all=&#8221;0px&#8221; global_colors_info=&#8221;{%22gcid-606d042f-c90f-4ea6-97e7-7b08f1ba25f6%22:%91%22icon_color%22%93,%22gcid-f85ae0c9-fd65-448b-93e8-9cc62cbcda12%22:%91%22open_icon_color%22,%22open_toggle_text_color%22%93,%22gcid-732bf70e-1304-49c4-8803-7da7f06e9833%22:%91%22open_toggle_background_color%22,%22closed_toggle_background_color%22%93}&#8221;]<\/p>\n<p>Sommige evenementen of animaties kunnen betaald zijn. Bekijk onze agenda of Facebookpagina voor alle praktische details van onze evenementen. <\/p>\n<p>[\/et_pb_toggle][et_pb_toggle title=&#8221;Hoeveel kost het om bij de vijver te vissen?&#8221; _builder_version=&#8221;4.25.0&#8243; _module_preset=&#8221;47ddfc88-1de7-46fc-a0e2-0b2859896ca3&#8243; global_colors_info=&#8221;{%22gcid-606d042f-c90f-4ea6-97e7-7b08f1ba25f6%22:%91%22icon_color%22%93,%22gcid-f85ae0c9-fd65-448b-93e8-9cc62cbcda12%22:%91%22open_icon_color%22%93,%22gcid-732bf70e-1304-49c4-8803-7da7f06e9833%22:%91%22open_toggle_background_color%22,%22closed_toggle_background_color%22%93}&#8221;]<\/p>\n<p>2 hengels\/persoon<br \/>\u20ac7,00\/dag <br \/>\u20ac55,00 \/jaarabonnement <br \/>\u20ac30,00 voor personen jonger dan 18 jaar<\/p>\n<p>[\/et_pb_toggle][et_pb_toggle title=&#8221;Hoe betaal ik voor het vissen?&#8221; _builder_version=&#8221;4.24.3&#8243; _module_preset=&#8221;47ddfc88-1de7-46fc-a0e2-0b2859896ca3&#8243; global_colors_info=&#8221;{%22gcid-606d042f-c90f-4ea6-97e7-7b08f1ba25f6%22:%91%22icon_color%22%93,%22gcid-f85ae0c9-fd65-448b-93e8-9cc62cbcda12%22:%91%22open_icon_color%22%93,%22gcid-732bf70e-1304-49c4-8803-7da7f06e9833%22:%91%22open_toggle_background_color%22,%22closed_toggle_background_color%22%93}&#8221;]<\/p>\n<p>Vanaf 8.00 uur kun je je opstellen aan de rand van de vijver. De bewaker zal in de loop van de dag langskomen om de betaling te innen. <\/p>\n<p>[\/et_pb_toggle][\/et_pb_column][et_pb_column type=&#8221;1_2&#8243; _builder_version=&#8221;4.21.0&#8243; _module_preset=&#8221;default&#8221; global_colors_info=&#8221;{}&#8221;][et_pb_toggle title=&#8221;Welke verschillende betalingsmethoden zijn toegestaan?&#8221; _builder_version=&#8221;4.24.3&#8243; _module_preset=&#8221;47ddfc88-1de7-46fc-a0e2-0b2859896ca3&#8243; global_colors_info=&#8221;{%22gcid-606d042f-c90f-4ea6-97e7-7b08f1ba25f6%22:%91%22icon_color%22%93,%22gcid-f85ae0c9-fd65-448b-93e8-9cc62cbcda12%22:%91%22open_icon_color%22%93,%22gcid-732bf70e-1304-49c4-8803-7da7f06e9833%22:%91%22open_toggle_background_color%22,%22closed_toggle_background_color%22%93}&#8221;]<\/p>\n<p>We accepteren contante betalingen en de volgende kaarten: Bancontact, Visa en Mastercard kredietkaarten. <br \/>Maaltijdcheques worden niet aanvaard in de brasserie en verschillende verkooppunten in het Domein.<\/p>\n<p>[\/et_pb_toggle][et_pb_toggle title=&#8221;Kan ik een vispas kopen?&#8221; _builder_version=&#8221;4.27.4&#8243; _module_preset=&#8221;47ddfc88-1de7-46fc-a0e2-0b2859896ca3&#8243; global_colors_info=&#8221;{%22gcid-606d042f-c90f-4ea6-97e7-7b08f1ba25f6%22:%91%22icon_color%22%93,%22gcid-f85ae0c9-fd65-448b-93e8-9cc62cbcda12%22:%91%22open_icon_color%22%93,%22gcid-732bf70e-1304-49c4-8803-7da7f06e9833%22:%91%22open_toggle_background_color%22,%22closed_toggle_background_color%22%93}&#8221;]<\/p>\n<div class=\"elementToProof\">Visabonnementen worden beheerd door de opzichters tijdens hun visrondes.<\/div>\n<p>[\/et_pb_toggle][et_pb_toggle title=&#8221;Kan ik een seizoenskaart voor de parkeergarage kopen?&#8221; _builder_version=&#8221;4.27.4&#8243; _module_preset=&#8221;47ddfc88-1de7-46fc-a0e2-0b2859896ca3&#8243; global_colors_info=&#8221;{%22gcid-606d042f-c90f-4ea6-97e7-7b08f1ba25f6%22:%91%22icon_color%22%93,%22gcid-f85ae0c9-fd65-448b-93e8-9cc62cbcda12%22:%91%22open_icon_color%22%93,%22gcid-732bf70e-1304-49c4-8803-7da7f06e9833%22:%91%22open_toggle_background_color%22,%22closed_toggle_background_color%22%93}&#8221;]<\/p>\n<div class=\"elementToProof\">Parkeerkaarten zijn verkrijgbaar via de kassa.<\/div>\n<p>[\/et_pb_toggle][et_pb_toggle title=&#8221;Wat moet ik doen als ik mijn abonnement kwijt ben?&#8221; _builder_version=&#8221;4.24.3&#8243; _module_preset=&#8221;47ddfc88-1de7-46fc-a0e2-0b2859896ca3&#8243; global_colors_info=&#8221;{%22gcid-606d042f-c90f-4ea6-97e7-7b08f1ba25f6%22:%91%22icon_color%22%93,%22gcid-f85ae0c9-fd65-448b-93e8-9cc62cbcda12%22:%91%22open_icon_color%22%93,%22gcid-732bf70e-1304-49c4-8803-7da7f06e9833%22:%91%22open_toggle_background_color%22,%22closed_toggle_background_color%22%93}&#8221;]<\/p>\n<p>Ben je jouw visabonnement kwijt, dan kun je terecht bij het kantoor van de bewakers. Voor het parkeerabonnement is echter geen duplicaat mogelijk. <\/p>\n<p>[\/et_pb_toggle][\/et_pb_column][\/et_pb_row][et_pb_row admin_label=&#8221;Row&#8221; _builder_version=&#8221;4.21.0&#8243; _module_preset=&#8221;default&#8221; global_colors_info=&#8221;{}&#8221;][et_pb_column type=&#8221;4_4&#8243; _builder_version=&#8221;4.21.0&#8243; _module_preset=&#8221;default&#8221; global_colors_info=&#8221;{}&#8221;][et_pb_text _builder_version=&#8221;4.21.0&#8243; _module_preset=&#8221;8aa5f111-faef-4104-af48-83b100dc9f92&#8243; global_colors_info=&#8221;{}&#8221;]<\/p>\n<h3>Toegang &amp; parking<\/h3>\n<p>[\/et_pb_text][\/et_pb_column][\/et_pb_row][et_pb_row column_structure=&#8221;1_2,1_2&#8243; _builder_version=&#8221;4.24.3&#8243; _module_preset=&#8221;default&#8221; width_tablet=&#8221;&#8221; width_phone=&#8221;90%&#8221; width_last_edited=&#8221;on|phone&#8221; custom_padding=&#8221;0px||||false|false&#8221; global_colors_info=&#8221;{}&#8221;][et_pb_column type=&#8221;1_2&#8243; _builder_version=&#8221;4.21.0&#8243; _module_preset=&#8221;default&#8221; custom_css_main_element=&#8221;margin:0&#8243; global_colors_info=&#8221;{}&#8221;][et_pb_toggle title=&#8221;Wanneer is het Domein open?&#8221; _builder_version=&#8221;4.24.3&#8243; _module_preset=&#8221;47ddfc88-1de7-46fc-a0e2-0b2859896ca3&#8243; global_colors_info=&#8221;{%22gcid-606d042f-c90f-4ea6-97e7-7b08f1ba25f6%22:%91%22icon_color%22,%22icon_color%22%93,%22gcid-f85ae0c9-fd65-448b-93e8-9cc62cbcda12%22:%91%22open_icon_color%22,%22open_toggle_text_color%22,%22open_icon_color%22%93,%22gcid-732bf70e-1304-49c4-8803-7da7f06e9833%22:%91%22open_toggle_background_color%22,%22closed_toggle_background_color%22,%22open_toggle_background_color%22,%22closed_toggle_background_color%22%93}&#8221;]<\/p>\n<p>Bois des R\u00eaves is het hele jaar geopend, hoewel de openingsuren per seizoen verschillen.<br \/><a href=\"#horaires-d-ouverture\">Raadpleeg onze openingsuren<\/a><\/p>\n<p>[\/et_pb_toggle][et_pb_toggle title=&#8221;Hoe kan je Bois des R\u00eaves bereiken&#8221; _builder_version=&#8221;4.24.3&#8243; _module_preset=&#8221;47ddfc88-1de7-46fc-a0e2-0b2859896ca3&#8243; global_colors_info=&#8221;{%22gcid-606d042f-c90f-4ea6-97e7-7b08f1ba25f6%22:%91%22icon_color%22%93,%22gcid-f85ae0c9-fd65-448b-93e8-9cc62cbcda12%22:%91%22open_icon_color%22%93,%22gcid-732bf70e-1304-49c4-8803-7da7f06e9833%22:%91%22open_toggle_background_color%22,%22closed_toggle_background_color%22%93}&#8221;]<\/p>\n<p>Het adres van Bois des R\u00eaves is het volgende: All\u00e9e du Bois des R\u00eaves, 1 in 1340 Ottignies-Louvain-La-Neuve. Kom je met de auto en beschik je over een GPS? Geef dan \u00ab Bois des R\u00eaves \u00bb in je GPS in. De toegang tot het Domein is ook aangegeven vanaf de RN25. <\/p>\n<p>[\/et_pb_toggle][et_pb_toggle title=&#8221;Kan ik met de trein naar Bois des R\u00eaves komen? &#8221; _builder_version=&#8221;4.24.3&#8243; _module_preset=&#8221;47ddfc88-1de7-46fc-a0e2-0b2859896ca3&#8243; global_colors_info=&#8221;{%22gcid-606d042f-c90f-4ea6-97e7-7b08f1ba25f6%22:%91%22icon_color%22%93,%22gcid-f85ae0c9-fd65-448b-93e8-9cc62cbcda12%22:%91%22open_icon_color%22%93,%22gcid-732bf70e-1304-49c4-8803-7da7f06e9833%22:%91%22open_toggle_background_color%22,%22closed_toggle_background_color%22%93}&#8221;]Ja, je kunt met de trein komen.<\/p>\n<p>Naar Ottignies-Gare, neem een &#8220;omnibus&#8221; trein in de richting van Charleroi Stap uit in C\u00e9roux-Mousty Volg de borden naar &#8220;Bois des R\u00eaves&#8221; (+\/-15 minuten)<br \/>\n<a href=\"https:\/\/www.belgiantrain.be\/nl\">Bezoek de website van de NMBS<\/a>[\/et_pb_toggle][et_pb_toggle title=&#8221;Zijn er parkings? &#8221; _builder_version=&#8221;4.24.3&#8243; _module_preset=&#8221;47ddfc88-1de7-46fc-a0e2-0b2859896ca3&#8243; global_colors_info=&#8221;{%22gcid-606d042f-c90f-4ea6-97e7-7b08f1ba25f6%22:%91%22icon_color%22%93,%22gcid-f85ae0c9-fd65-448b-93e8-9cc62cbcda12%22:%91%22open_icon_color%22%93,%22gcid-732bf70e-1304-49c4-8803-7da7f06e9833%22:%91%22open_toggle_background_color%22,%22closed_toggle_background_color%22%93}&#8221;]<\/p>\n<p>Er zijn twee betalende parkings (kostprijs: \u20ac2).<br \/>Parking P1: 210 plaatsen met plaatsen voor bussen en personen met beperkte mobiliteit.<br \/>Parking P2: 400 plaatsen<\/p>\n<p>[\/et_pb_toggle][et_pb_toggle title=&#8221;Kan ik mijn elektrische auto opladen? &#8221; _builder_version=&#8221;4.24.3&#8243; _module_preset=&#8221;47ddfc88-1de7-46fc-a0e2-0b2859896ca3&#8243; global_colors_info=&#8221;{%22gcid-606d042f-c90f-4ea6-97e7-7b08f1ba25f6%22:%91%22icon_color%22%93,%22gcid-f85ae0c9-fd65-448b-93e8-9cc62cbcda12%22:%91%22open_icon_color%22%93,%22gcid-732bf70e-1304-49c4-8803-7da7f06e9833%22:%91%22open_toggle_background_color%22,%22closed_toggle_background_color%22%93}&#8221;]<\/p>\n<p>Het is nog niet mogelijk om je elektrische auto op te laden op de parking.<\/p>\n<p>[\/et_pb_toggle][\/et_pb_column][et_pb_column type=&#8221;1_2&#8243; _builder_version=&#8221;4.21.0&#8243; _module_preset=&#8221;default&#8221; global_colors_info=&#8221;{}&#8221;][et_pb_toggle title=&#8221;Kan ik met mijn camper naar Bois des R\u00eaves komen?&#8221; _builder_version=&#8221;4.24.3&#8243; _module_preset=&#8221;47ddfc88-1de7-46fc-a0e2-0b2859896ca3&#8243; global_colors_info=&#8221;{%22gcid-606d042f-c90f-4ea6-97e7-7b08f1ba25f6%22:%91%22icon_color%22%93,%22gcid-f85ae0c9-fd65-448b-93e8-9cc62cbcda12%22:%91%22open_icon_color%22%93,%22gcid-732bf70e-1304-49c4-8803-7da7f06e9833%22:%91%22open_toggle_background_color%22,%22closed_toggle_background_color%22%93}&#8221;]U kunt met uw camper of kampeerwagen voor een dag naar het Domaine komen (parkeertoegang \u20ac2), maar overnachten is niet toegestaan. Raadpleeg de website<a href=\"https:\/\/visitwallonia.be\/nl\/3\/overnachten\/camper\/kaart-met-uitgeruste-camperplaatsen-en-campings\">VisitWallonia.be<\/a> om een gereguleerde kampeerplaats te vinden.[\/et_pb_toggle][et_pb_toggle title=&#8221;Is de infrastructuur van het domein toegankelijk voor personen met beperkte mobiliteit?&#8221; _builder_version=&#8221;4.24.3&#8243; _module_preset=&#8221;47ddfc88-1de7-46fc-a0e2-0b2859896ca3&#8243; global_colors_info=&#8221;{%22gcid-606d042f-c90f-4ea6-97e7-7b08f1ba25f6%22:%91%22icon_color%22%93,%22gcid-f85ae0c9-fd65-448b-93e8-9cc62cbcda12%22:%91%22open_icon_color%22%93,%22gcid-732bf70e-1304-49c4-8803-7da7f06e9833%22:%91%22open_toggle_background_color%22,%22closed_toggle_background_color%22%93}&#8221;]<\/p>\n<p>Op de parking P1 zijn parkeerplaatsen gereserveerd voor personen met beperkte mobiliteit, toegankelijk voor houders van een gehandicaptenkaart.<\/p>\n<p>Sommige wandelpaden zijn toegankelijk voor gebruikers van buggy&#8217;s, rolstoelen of rollators. De bospaden kunnen echter een uitdaging vormen wat betreft toegankelijkheid. <\/p>\n<p>De sanitaire voorzieningen en de ingang van de Brasserie zijn ook ontworpen om gemakkelijk gebruikt te kunnen worden door personen met beperkte mobiliteit.<\/p>\n<p>[\/et_pb_toggle][et_pb_toggle title=&#8221;Zijn fietsen, mountainbikes en steps toegestaan op het terrein?&#8221; _builder_version=&#8221;4.24.3&#8243; _module_preset=&#8221;47ddfc88-1de7-46fc-a0e2-0b2859896ca3&#8243; global_colors_info=&#8221;{%22gcid-606d042f-c90f-4ea6-97e7-7b08f1ba25f6%22:%91%22icon_color%22%93,%22gcid-f85ae0c9-fd65-448b-93e8-9cc62cbcda12%22:%91%22open_icon_color%22%93,%22gcid-732bf70e-1304-49c4-8803-7da7f06e9833%22:%91%22open_toggle_background_color%22,%22closed_toggle_background_color%22%93}&#8221;]<\/p>\n<p>Nee. Om veiligheidsredenen en om de rust van onze bezoekers te garanderen, zijn fietsen en steps niet toegestaan in het Domein. Zachte mobiliteit is alleen mogelijk op de mountainbikeparcours en op het fietspad dat Ottignies verbindt met Louvain-La-Neuve en Bois des R\u00eaves doorkruist.  <\/p>\n<p>[\/et_pb_toggle][et_pb_toggle title=&#8221;Mag ik mijn hond meenemen?&#8221; _builder_version=&#8221;4.24.3&#8243; _module_preset=&#8221;47ddfc88-1de7-46fc-a0e2-0b2859896ca3&#8243; global_colors_info=&#8221;{%22gcid-606d042f-c90f-4ea6-97e7-7b08f1ba25f6%22:%91%22icon_color%22%93,%22gcid-f85ae0c9-fd65-448b-93e8-9cc62cbcda12%22:%91%22open_icon_color%22%93,%22gcid-732bf70e-1304-49c4-8803-7da7f06e9833%22:%91%22open_toggle_background_color%22,%22closed_toggle_background_color%22%93}&#8221;]Honden zijn toegestaan op het landgoed zolang ze aangelijnd zijn (overal, zelfs in het bos). Er is echter een hondengebied waar honden los mogen lopen om te spelen. Dit is net voorbij het einde van de vijver.  <\/p>\n<p>Om gezondheids- en veiligheidsredenen zijn ze niet toegestaan op de speelplaats. We vragen baasjes om respectvol met het terrein om te gaan en hun honden op te ruimen.<\/p>\n<p><a href=\"\/wp-content\/uploads\/2024\/04\/Bois-des-Reves-reglement-dordre-interieur-Aire-de-jeux-chiens-FR-2024.pdf\">Link naar ROI<\/a>[\/et_pb_toggle][\/et_pb_column][\/et_pb_row][et_pb_row admin_label=&#8221;Row&#8221; _builder_version=&#8221;4.21.0&#8243; _module_preset=&#8221;default&#8221; global_colors_info=&#8221;{}&#8221;][et_pb_column type=&#8221;4_4&#8243; _builder_version=&#8221;4.21.0&#8243; _module_preset=&#8221;default&#8221; global_colors_info=&#8221;{}&#8221;][et_pb_text _builder_version=&#8221;4.21.0&#8243; _module_preset=&#8221;8aa5f111-faef-4104-af48-83b100dc9f92&#8243; global_colors_info=&#8221;{}&#8221;]<\/p>\n<h3>Kaart van het domein<\/h3>\n<p>[\/et_pb_text][\/et_pb_column][\/et_pb_row][et_pb_row column_structure=&#8221;1_2,1_2&#8243; _builder_version=&#8221;4.24.3&#8243; _module_preset=&#8221;default&#8221; width_tablet=&#8221;&#8221; width_phone=&#8221;90%&#8221; width_last_edited=&#8221;on|phone&#8221; custom_padding=&#8221;0px||||false|false&#8221; global_colors_info=&#8221;{}&#8221;][et_pb_column type=&#8221;1_2&#8243; _builder_version=&#8221;4.21.0&#8243; _module_preset=&#8221;default&#8221; global_colors_info=&#8221;{}&#8221;][et_pb_toggle title=&#8221;Is er een kaart van Bois des R\u00eaves beschikbaar? &#8221; _builder_version=&#8221;4.24.3&#8243; _module_preset=&#8221;47ddfc88-1de7-46fc-a0e2-0b2859896ca3&#8243; global_colors_info=&#8221;{%22gcid-606d042f-c90f-4ea6-97e7-7b08f1ba25f6%22:%91%22icon_color%22%93,%22gcid-f85ae0c9-fd65-448b-93e8-9cc62cbcda12%22:%91%22open_icon_color%22%93,%22gcid-732bf70e-1304-49c4-8803-7da7f06e9833%22:%91%22open_toggle_background_color%22,%22closed_toggle_background_color%22%93}&#8221;]Je kunt een gratis plattegrond van het terrein en de routes van alle aangeboden wandelingen krijgen bij het Informatiebureau. Deze plattegrond en de routes zijn ook beschikbaar in PDF-formaat op onze website.<a href=\"\/wp-content\/uploads\/2024\/04\/BDR-Plan-general-2024-Auteur.pdf\">Link naar de plattegrond van het terrein<\/a><a href=\"https:\/\/www.boisdesreves.be\/nl\/activiteiten\/natuur-ontdekken\/\">Link naar de routes<\/a>[\/et_pb_toggle][\/et_pb_column][et_pb_column type=&#8221;1_2&#8243; disabled_on=&#8221;on|on|off&#8221; _builder_version=&#8221;4.24.3&#8243; _module_preset=&#8221;default&#8221; global_colors_info=&#8221;{}&#8221;][\/et_pb_column][\/et_pb_row][et_pb_row admin_label=&#8221;Row&#8221; _builder_version=&#8221;4.21.0&#8243; _module_preset=&#8221;default&#8221; global_colors_info=&#8221;{}&#8221;][et_pb_column type=&#8221;4_4&#8243; _builder_version=&#8221;4.21.0&#8243; _module_preset=&#8221;default&#8221; global_colors_info=&#8221;{}&#8221;][et_pb_text _builder_version=&#8221;4.21.0&#8243; _module_preset=&#8221;8aa5f111-faef-4104-af48-83b100dc9f92&#8243; global_colors_info=&#8221;{}&#8221;]<\/p>\n<h3>Catering<\/h3>\n<p>[\/et_pb_text][\/et_pb_column][\/et_pb_row][et_pb_row column_structure=&#8221;1_2,1_2&#8243; _builder_version=&#8221;4.24.3&#8243; _module_preset=&#8221;default&#8221; width_tablet=&#8221;&#8221; width_phone=&#8221;90%&#8221; width_last_edited=&#8221;on|phone&#8221; custom_padding=&#8221;0px||||false|false&#8221; global_colors_info=&#8221;{}&#8221;][et_pb_column type=&#8221;1_2&#8243; _builder_version=&#8221;4.21.0&#8243; _module_preset=&#8221;default&#8221; custom_css_main_element=&#8221;margin:0&#8243; global_colors_info=&#8221;{}&#8221;][et_pb_toggle title=&#8221;Is het mogelijk om iets te eten?&#8221; _builder_version=&#8221;4.25.0&#8243; _module_preset=&#8221;47ddfc88-1de7-46fc-a0e2-0b2859896ca3&#8243; global_colors_info=&#8221;{%22gcid-606d042f-c90f-4ea6-97e7-7b08f1ba25f6%22:%91%22icon_color%22%93,%22gcid-f85ae0c9-fd65-448b-93e8-9cc62cbcda12%22:%91%22open_icon_color%22%93,%22gcid-732bf70e-1304-49c4-8803-7da7f06e9833%22:%91%22open_toggle_background_color%22,%22closed_toggle_background_color%22%93}&#8221;]<\/p>\n<p>Je kunt eten in La Brasserie, dat een zelfbedieningsrestaurant biedt.<\/p>\n<p>Het is open op de volgende tijden:<\/p>\n<ul>\n<li data-stringify-indent=\"0\" data-stringify-border=\"0\">Van 1 oktober tot 31 maart: 10.00 &#8211; 17.00 uur<\/li>\n<li data-stringify-indent=\"0\" data-stringify-border=\"0\">Van 1 april tot 30 september:<\/li>\n<li data-stringify-indent=\"0\" data-stringify-border=\"0\">10 tot 19 uur in het weekend en tijdens schoolvakanties<\/li>\n<li data-stringify-indent=\"0\" data-stringify-border=\"0\">10 tot 18 uur op weekdagen<\/li>\n<\/ul>\n<p>Er is ook een verkooppunt tegenover de speeltuin, waar je ijsjes, wafels, popcorn en granitas kunt eten of van een verfrissend drankje kunt genieten. De openingsdagen en -uren van het verkooppunt vari\u00ebren afhankelijk van het aantal bezoekers, het seizoen en de openingsuren van het Domein. <\/p>\n<p><a href=\"\/wp-content\/uploads\/2024\/04\/BDR-Brasserie-Carte-2024.pdf\" rel=\"noopener\" role=\"link\">Ontdek de kaart (Enkel beschikbaar in het Frans)<\/a><\/p>\n<p>[\/et_pb_toggle][\/et_pb_column][et_pb_column type=&#8221;1_2&#8243; _builder_version=&#8221;4.21.0&#8243; _module_preset=&#8221;default&#8221; global_colors_info=&#8221;{}&#8221;][et_pb_toggle title=&#8221;Mag ik mijn eigen picknick meenemen? &#8221; _builder_version=&#8221;4.24.3&#8243; _module_preset=&#8221;47ddfc88-1de7-46fc-a0e2-0b2859896ca3&#8243; global_colors_info=&#8221;{%22gcid-606d042f-c90f-4ea6-97e7-7b08f1ba25f6%22:%91%22icon_color%22%93,%22gcid-f85ae0c9-fd65-448b-93e8-9cc62cbcda12%22:%91%22open_icon_color%22%93,%22gcid-732bf70e-1304-49c4-8803-7da7f06e9833%22:%91%22open_toggle_background_color%22,%22closed_toggle_background_color%22%93}&#8221;]<\/p>\n<p>Je kunt genieten van een picknick op het daartoe speciaal ingerichte gedeelte van de speeltuin bij de ingang van het Domein. Maak gerust gebruik van de daarvoor bestemde bankjes om buiten in een aangename omgeving van uw maaltijd te genieten. <\/p>\n<p>[\/et_pb_toggle][\/et_pb_column][\/et_pb_row][et_pb_row admin_label=&#8221;Row&#8221; _builder_version=&#8221;4.21.0&#8243; _module_preset=&#8221;default&#8221; global_colors_info=&#8221;{}&#8221;][et_pb_column type=&#8221;4_4&#8243; _builder_version=&#8221;4.21.0&#8243; _module_preset=&#8221;default&#8221; global_colors_info=&#8221;{}&#8221;][et_pb_text _builder_version=&#8221;4.21.0&#8243; _module_preset=&#8221;8aa5f111-faef-4104-af48-83b100dc9f92&#8243; global_colors_info=&#8221;{}&#8221;]<\/p>\n<h3>Diensten<\/h3>\n<p>[\/et_pb_text][\/et_pb_column][\/et_pb_row][et_pb_row column_structure=&#8221;1_2,1_2&#8243; _builder_version=&#8221;4.24.3&#8243; _module_preset=&#8221;default&#8221; width_tablet=&#8221;&#8221; width_phone=&#8221;90%&#8221; width_last_edited=&#8221;on|phone&#8221; custom_padding=&#8221;0px||||false|false&#8221; global_colors_info=&#8221;{}&#8221;][et_pb_column type=&#8221;1_2&#8243; _builder_version=&#8221;4.21.0&#8243; _module_preset=&#8221;default&#8221; custom_css_main_element=&#8221;margin:0&#8243; global_colors_info=&#8221;{}&#8221;][et_pb_toggle title=&#8221;Hoe reserveer ik een BBQ plaats?&#8221; _builder_version=&#8221;4.24.3&#8243; _module_preset=&#8221;47ddfc88-1de7-46fc-a0e2-0b2859896ca3&#8243; global_colors_info=&#8221;{%22gcid-606d042f-c90f-4ea6-97e7-7b08f1ba25f6%22:%91%22icon_color%22%93,%22gcid-f85ae0c9-fd65-448b-93e8-9cc62cbcda12%22:%91%22open_icon_color%22%93,%22gcid-732bf70e-1304-49c4-8803-7da7f06e9833%22:%91%22open_toggle_background_color%22,%22closed_toggle_background_color%22%93}&#8221;]<\/p>\n<p>Reserveren is verplicht en kan alleen via e-mail: <a href=\"mailto:barbecues.bdr@brabantwallon.be\" target=\"_blank\" rel=\"noopener\">barbecues.bdr@brabantwallon.be.<\/a> Reserveringen worden pas bevestigd na ontvangst van betaling.<\/p>\n<p>Huurkosten \u20ac80,00 (+ \u20ac50 borg ter plaatse) voor een ruimte tot 40 personen en \u20ac120,00 (+ \u20ac50 borg ter plaatse) voor een ruimte tot 60 personen.<\/p>\n<p>Het barbecueseizoen loopt van 30 maart tot 30 september, van 11.00 tot 19.00 uur.<br \/>De plaats kan pas vanaf 11.00 uur worden bezet na het overhandigen van een identiteitsbewijs en een borg van \u20ac50 per plaats (contant), die wordt ingehouden door de beheerder en teruggegeven aan het einde van de periode nadat alles is gecontroleerd en in orde bevonden. Elke plaats heeft voldoende banken en tafels om uw gasten te ontvangen, evenals BBQ-bakken en grills. Je hebt ook toegang tot een watervoorziening en elektriciteit.  <\/p>\n<p>Je moet je eigen houtskool, proviand en servies meenemen. Er kan geen extra materiaal (BBQ-bakje, houtskool, servies, koelkast, etc.) worden gehuurd of beschikbaar worden gesteld.<\/p>\n<p>Je bent zelf verantwoordelijk voor het schoonmaken van de ruimte (materiaal ter plaatse). Bij aankomst wordt er een inventaris opgemaakt door de beheerder en bij vertrek krijg je de borg terug als de ruimte in orde is gemaakt en er geen schade of ontbrekende spullen zijn geconstateerd. <\/p>\n<p>[\/et_pb_toggle][et_pb_toggle title=&#8221;Hoe vind ik een verloren kind?&#8221; _builder_version=&#8221;4.24.3&#8243; _module_preset=&#8221;47ddfc88-1de7-46fc-a0e2-0b2859896ca3&#8243; global_colors_info=&#8221;{%22gcid-606d042f-c90f-4ea6-97e7-7b08f1ba25f6%22:%91%22icon_color%22%93,%22gcid-f85ae0c9-fd65-448b-93e8-9cc62cbcda12%22:%91%22open_icon_color%22%93,%22gcid-732bf70e-1304-49c4-8803-7da7f06e9833%22:%91%22open_toggle_background_color%22,%22closed_toggle_background_color%22%93}&#8221;]Je kunt telefonisch contact opnemen met de opzichters: <a href=\"tel:0476012701\">0476 01 27 01<\/a>, zodat zij zo snel mogelijk kunnen zoeken. Verloren kinderen worden onmiddellijk naar de opzichtersloge gebracht en daar opgevangen, die zich bij de vijver bevindt.[\/et_pb_toggle][et_pb_toggle title=&#8221;Is er een plek om kinderen te verschonen?&#8221; _builder_version=&#8221;4.24.3&#8243; _module_preset=&#8221;47ddfc88-1de7-46fc-a0e2-0b2859896ca3&#8243; global_colors_info=&#8221;{%22gcid-606d042f-c90f-4ea6-97e7-7b08f1ba25f6%22:%91%22icon_color%22%93,%22gcid-f85ae0c9-fd65-448b-93e8-9cc62cbcda12%22:%91%22open_icon_color%22%93,%22gcid-732bf70e-1304-49c4-8803-7da7f06e9833%22:%91%22open_toggle_background_color%22,%22closed_toggle_background_color%22%93}&#8221;]<\/p>\n<p>De toiletten van het Domein zijn allemaal uitgerust met verschoontafels. Er zijn toiletten in de Brasserie en in het Bewakerspaviljoen. <\/p>\n<p>[\/et_pb_toggle][et_pb_toggle title=&#8221;Is er een microgolf om kindermaaltijden of flesjes op te warmen?&#8221; _builder_version=&#8221;4.24.3&#8243; _module_preset=&#8221;47ddfc88-1de7-46fc-a0e2-0b2859896ca3&#8243; global_colors_info=&#8221;{%22gcid-606d042f-c90f-4ea6-97e7-7b08f1ba25f6%22:%91%22icon_color%22%93,%22gcid-f85ae0c9-fd65-448b-93e8-9cc62cbcda12%22:%91%22open_icon_color%22%93,%22gcid-732bf70e-1304-49c4-8803-7da7f06e9833%22:%91%22open_toggle_background_color%22,%22closed_toggle_background_color%22%93}&#8221;]<\/p>\n<p>Onze Brasserie is uitgerust met microgolf zodat je jouw flessen of babyvoeding kunt opwarmen.<\/p>\n<p>[\/et_pb_toggle][\/et_pb_column][et_pb_column type=&#8221;1_2&#8243; _builder_version=&#8221;4.21.0&#8243; _module_preset=&#8221;default&#8221; global_colors_info=&#8221;{}&#8221;][et_pb_toggle title=&#8221;Is het mogelijk om fietsen te huren?&#8221; _builder_version=&#8221;4.24.3&#8243; _module_preset=&#8221;47ddfc88-1de7-46fc-a0e2-0b2859896ca3&#8243; global_colors_info=&#8221;{%22gcid-606d042f-c90f-4ea6-97e7-7b08f1ba25f6%22:%91%22icon_color%22%93,%22gcid-f85ae0c9-fd65-448b-93e8-9cc62cbcda12%22:%91%22open_icon_color%22%93,%22gcid-732bf70e-1304-49c4-8803-7da7f06e9833%22:%91%22open_toggle_background_color%22,%22closed_toggle_background_color%22%93}&#8221;]<\/p>\n<p>Nee, het is niet mogelijk om fietsen te huren. Voor het mountainbikeparcours moet je je eigen fiets gebruiken. <\/p>\n<p>[\/et_pb_toggle][et_pb_toggle title=&#8221;Waar kan ik mijn fiets parkeren?&#8221; _builder_version=&#8221;4.27.4&#8243; _module_preset=&#8221;47ddfc88-1de7-46fc-a0e2-0b2859896ca3&#8243; global_colors_info=&#8221;{%22gcid-606d042f-c90f-4ea6-97e7-7b08f1ba25f6%22:%91%22icon_color%22%93,%22gcid-f85ae0c9-fd65-448b-93e8-9cc62cbcda12%22:%91%22open_icon_color%22%93,%22gcid-732bf70e-1304-49c4-8803-7da7f06e9833%22:%91%22open_toggle_background_color%22,%22closed_toggle_background_color%22%93}&#8221;]Bij de ingang van het landgoed vind je een parkeerplaats voor fietsen en motoren. Le Bois des R\u00eaves heeft het label &#8216;Bienvenue V\u00e9lo&#8217;. <\/p>\n<p><a href=\"https:\/\/www.tourismewallonie.be\/bienvenue-velo\/\" target=\"_blank\" rel=\"noopener\">Ontdek meer over het label Bienvenue V\u00e9lo<\/a>[\/et_pb_toggle][et_pb_toggle title=&#8221;Moet ik mijn eigen uitrusting meenemen om te vissen?&#8221; _builder_version=&#8221;4.24.3&#8243; _module_preset=&#8221;47ddfc88-1de7-46fc-a0e2-0b2859896ca3&#8243; global_colors_info=&#8221;{%22gcid-606d042f-c90f-4ea6-97e7-7b08f1ba25f6%22:%91%22icon_color%22%93,%22gcid-f85ae0c9-fd65-448b-93e8-9cc62cbcda12%22:%91%22open_icon_color%22%93,%22gcid-732bf70e-1304-49c4-8803-7da7f06e9833%22:%91%22open_toggle_background_color%22,%22closed_toggle_background_color%22%93}&#8221;]<\/p>\n<p>Ja, we verhuren namelijk geen materiaal.<\/p>\n<p>[\/et_pb_toggle][et_pb_toggle title=&#8221;Is het mogelijk om zalen te huren in het Domein?&#8221; _builder_version=&#8221;4.24.3&#8243; _module_preset=&#8221;47ddfc88-1de7-46fc-a0e2-0b2859896ca3&#8243; global_colors_info=&#8221;{%22gcid-606d042f-c90f-4ea6-97e7-7b08f1ba25f6%22:%91%22icon_color%22%93,%22gcid-f85ae0c9-fd65-448b-93e8-9cc62cbcda12%22:%91%22open_icon_color%22%93,%22gcid-732bf70e-1304-49c4-8803-7da7f06e9833%22:%91%22open_toggle_background_color%22,%22closed_toggle_background_color%22%93}&#8221;]<\/p>\n<p>Nee, het is niet mogelijk om zalen te reserveren.<\/p>\n<p>[\/et_pb_toggle][\/et_pb_column][\/et_pb_row][et_pb_row admin_label=&#8221;Row&#8221; _builder_version=&#8221;4.21.0&#8243; _module_preset=&#8221;default&#8221; global_colors_info=&#8221;{}&#8221;][et_pb_column type=&#8221;4_4&#8243; _builder_version=&#8221;4.21.0&#8243; _module_preset=&#8221;default&#8221; global_colors_info=&#8221;{}&#8221;][et_pb_text _builder_version=&#8221;4.21.0&#8243; _module_preset=&#8221;8aa5f111-faef-4104-af48-83b100dc9f92&#8243; global_colors_info=&#8221;{}&#8221;]<\/p>\n<h3>Accommodatie<\/h3>\n<p>[\/et_pb_text][\/et_pb_column][\/et_pb_row][et_pb_row column_structure=&#8221;1_2,1_2&#8243; _builder_version=&#8221;4.24.3&#8243; _module_preset=&#8221;default&#8221; width_tablet=&#8221;&#8221; width_phone=&#8221;90%&#8221; width_last_edited=&#8221;on|phone&#8221; custom_padding=&#8221;0px||||false|false&#8221; global_colors_info=&#8221;{}&#8221;][et_pb_column type=&#8221;1_2&#8243; _builder_version=&#8221;4.21.0&#8243; _module_preset=&#8221;default&#8221; global_colors_info=&#8221;{}&#8221;][et_pb_toggle title=&#8221;Is het mogelijk om in Bois des R\u00eaves te verblijven?&#8221; _builder_version=&#8221;4.24.3&#8243; _module_preset=&#8221;47ddfc88-1de7-46fc-a0e2-0b2859896ca3&#8243; global_colors_info=&#8221;{%22gcid-606d042f-c90f-4ea6-97e7-7b08f1ba25f6%22:%91%22icon_color%22%93,%22gcid-f85ae0c9-fd65-448b-93e8-9cc62cbcda12%22:%91%22open_icon_color%22%93,%22gcid-732bf70e-1304-49c4-8803-7da7f06e9833%22:%91%22open_toggle_background_color%22,%22closed_toggle_background_color%22%93}&#8221;]Het is niet mogelijk om op het landgoed te verblijven, maar er zijn wel een aantal hotels en B&amp;B&#8217;s in de omgeving. Lees meer over<a href=\"https:\/\/www.destinationbw.be\/nl\/goed-om-weten\/logies\/\" target=\"_blank\">het aanbod van accommodaties<\/a> in Waals-Brabant op de website van Bestemming BW.[\/et_pb_toggle][\/et_pb_column][et_pb_column type=&#8221;1_2&#8243; disabled_on=&#8221;on|on|off&#8221; _builder_version=&#8221;4.24.3&#8243; _module_preset=&#8221;default&#8221; global_colors_info=&#8221;{}&#8221;][\/et_pb_column][\/et_pb_row][et_pb_row admin_label=&#8221;Row&#8221; _builder_version=&#8221;4.21.0&#8243; _module_preset=&#8221;default&#8221; global_colors_info=&#8221;{}&#8221;][et_pb_column type=&#8221;4_4&#8243; _builder_version=&#8221;4.21.0&#8243; _module_preset=&#8221;default&#8221; global_colors_info=&#8221;{}&#8221;][et_pb_text _builder_version=&#8221;4.21.0&#8243; _module_preset=&#8221;8aa5f111-faef-4104-af48-83b100dc9f92&#8243; global_colors_info=&#8221;{}&#8221;]<\/p>\n<h3>Verloren voorwerpen en lockers<\/h3>\n<p>[\/et_pb_text][\/et_pb_column][\/et_pb_row][et_pb_row column_structure=&#8221;1_2,1_2&#8243; _builder_version=&#8221;4.24.3&#8243; _module_preset=&#8221;default&#8221; width_tablet=&#8221;&#8221; width_phone=&#8221;90%&#8221; width_last_edited=&#8221;on|phone&#8221; custom_padding=&#8221;0px||||false|false&#8221; global_colors_info=&#8221;{}&#8221;][et_pb_column type=&#8221;1_2&#8243; _builder_version=&#8221;4.21.0&#8243; _module_preset=&#8221;default&#8221; custom_css_main_element=&#8221;margin:0&#8243; global_colors_info=&#8221;{}&#8221;][et_pb_toggle title=&#8221;Wat moet ik doen als ik iets ben verloren in het Domein?&#8221; _builder_version=&#8221;4.24.3&#8243; _module_preset=&#8221;47ddfc88-1de7-46fc-a0e2-0b2859896ca3&#8243; global_colors_info=&#8221;{%22gcid-606d042f-c90f-4ea6-97e7-7b08f1ba25f6%22:%91%22icon_color%22%93,%22gcid-f85ae0c9-fd65-448b-93e8-9cc62cbcda12%22:%91%22open_icon_color%22%93,%22gcid-732bf70e-1304-49c4-8803-7da7f06e9833%22:%91%22open_toggle_background_color%22,%22closed_toggle_background_color%22%93}&#8221;]<\/p>\n<p>\u2018Verloren\u2019 voorwerpen die door de teams van Bois des R\u00eaves zijn gevonden, worden bewaard in het bewakerspaviljoen. De bewakers kunnen tijdens de openingsuren gecontacteerd worden op <a href=\"tel:0476012701\">0476\/012701<\/a> of per e-mail op <a href=\"mailto:boisdesreves@brabantwallon.be\">boisdesreves@brabantwallon.be<\/a>. <\/p>\n<p>Aarzel niet om in de dagen erna terug te bellen, want bij sommige voorwerpen kan het enkele dagen duren voordat ze worden teruggebracht.<\/p>\n<p>Als het voorwerp gevonden werd, moet je naar de bewakers gaan om het op te halen. Verloren voorwerpen worden niet per post verstuurd. <\/p>\n<p>[\/et_pb_toggle][\/et_pb_column][et_pb_column type=&#8221;1_2&#8243; _builder_version=&#8221;4.21.0&#8243; _module_preset=&#8221;default&#8221; global_colors_info=&#8221;{}&#8221;][et_pb_toggle title=&#8221;Zijn er lockers beschikbaar om tassen in op te bergen? &#8221; _builder_version=&#8221;4.24.3&#8243; _module_preset=&#8221;47ddfc88-1de7-46fc-a0e2-0b2859896ca3&#8243; global_colors_info=&#8221;{%22gcid-606d042f-c90f-4ea6-97e7-7b08f1ba25f6%22:%91%22icon_color%22%93,%22gcid-f85ae0c9-fd65-448b-93e8-9cc62cbcda12%22:%91%22open_icon_color%22%93,%22gcid-732bf70e-1304-49c4-8803-7da7f06e9833%22:%91%22open_toggle_background_color%22,%22closed_toggle_background_color%22%93}&#8221;]<\/p>\n<p>Nee, helaas hebben we geen lockers.<\/p>\n<p>[\/et_pb_toggle][\/et_pb_column][\/et_pb_row][et_pb_row admin_label=&#8221;Row&#8221; _builder_version=&#8221;4.21.0&#8243; _module_preset=&#8221;default&#8221; global_colors_info=&#8221;{}&#8221;][et_pb_column type=&#8221;4_4&#8243; _builder_version=&#8221;4.21.0&#8243; _module_preset=&#8221;default&#8221; global_colors_info=&#8221;{}&#8221;][et_pb_text _builder_version=&#8221;4.21.0&#8243; _module_preset=&#8221;8aa5f111-faef-4104-af48-83b100dc9f92&#8243; global_colors_info=&#8221;{}&#8221;]<\/p>\n<h3>Reglement en veiligheid<\/h3>\n<p>[\/et_pb_text][\/et_pb_column][\/et_pb_row][et_pb_row column_structure=&#8221;1_2,1_2&#8243; _builder_version=&#8221;4.24.3&#8243; _module_preset=&#8221;default&#8221; width_tablet=&#8221;&#8221; width_phone=&#8221;90%&#8221; width_last_edited=&#8221;on|phone&#8221; custom_padding=&#8221;0px||||false|false&#8221; global_colors_info=&#8221;{}&#8221;][et_pb_column type=&#8221;1_2&#8243; _builder_version=&#8221;4.21.0&#8243; _module_preset=&#8221;default&#8221; custom_css_main_element=&#8221;margin:0&#8243; global_colors_info=&#8221;{}&#8221;][et_pb_toggle title=&#8221;Welke veiligheidsmaatregelen en -voorschriften zijn van toepassing op het landgoed?&#8221; _builder_version=&#8221;4.24.3&#8243; _module_preset=&#8221;47ddfc88-1de7-46fc-a0e2-0b2859896ca3&#8243; global_colors_info=&#8221;{%22gcid-606d042f-c90f-4ea6-97e7-7b08f1ba25f6%22:%91%22icon_color%22%93,%22gcid-f85ae0c9-fd65-448b-93e8-9cc62cbcda12%22:%91%22open_icon_color%22%93,%22gcid-732bf70e-1304-49c4-8803-7da7f06e9833%22:%91%22open_toggle_background_color%22,%22closed_toggle_background_color%22%93}&#8221;]<\/p>\n<p>Om ervoor te zorgen dat je een aangename tijd op onze site beleeft, staat een team van be\u00ebdigde bewakers klaar om je informatie te geven en, voor jouw veiligheid, toe te zien op de naleving van de regels.<\/p>\n<p><a href=\"\/wp-content\/uploads\/2024\/04\/Bois-des-Reves-reglement-dordre-interieur-parc-FR-2024.pdf\">Lees ons huishoudelijk reglement (Enkel beschikbaar in het Frans)<br \/><\/a><\/p>\n<p>[\/et_pb_toggle][\/et_pb_column][et_pb_column type=&#8221;1_2&#8243; disabled_on=&#8221;on|on|off&#8221; _builder_version=&#8221;4.24.3&#8243; _module_preset=&#8221;default&#8221; global_colors_info=&#8221;{}&#8221;][\/et_pb_column][\/et_pb_row][et_pb_row admin_label=&#8221;Row&#8221; _builder_version=&#8221;4.21.0&#8243; _module_preset=&#8221;default&#8221; global_colors_info=&#8221;{}&#8221;][et_pb_column type=&#8221;4_4&#8243; _builder_version=&#8221;4.21.0&#8243; _module_preset=&#8221;default&#8221; global_colors_info=&#8221;{}&#8221;][et_pb_text _builder_version=&#8221;4.21.0&#8243; _module_preset=&#8221;8aa5f111-faef-4104-af48-83b100dc9f92&#8243; global_colors_info=&#8221;{}&#8221;]<\/p>\n<h3>Ik heb geen antwoord op mijn vraag gevonden<\/h3>\n<p>[\/et_pb_text][\/et_pb_column][\/et_pb_row][et_pb_row column_structure=&#8221;1_2,1_2&#8243; _builder_version=&#8221;4.24.3&#8243; _module_preset=&#8221;default&#8221; width_tablet=&#8221;&#8221; width_phone=&#8221;90%&#8221; width_last_edited=&#8221;on|phone&#8221; custom_padding=&#8221;0px||||false|false&#8221; global_colors_info=&#8221;{}&#8221;][et_pb_column type=&#8221;1_2&#8243; _builder_version=&#8221;4.21.0&#8243; _module_preset=&#8221;default&#8221; global_colors_info=&#8221;{}&#8221;][et_pb_toggle title=&#8221;Neem contact op met&#8221; _builder_version=&#8221;4.24.3&#8243; _module_preset=&#8221;47ddfc88-1de7-46fc-a0e2-0b2859896ca3&#8243; global_colors_info=&#8221;{%22gcid-606d042f-c90f-4ea6-97e7-7b08f1ba25f6%22:%91%22icon_color%22%93,%22gcid-f85ae0c9-fd65-448b-93e8-9cc62cbcda12%22:%91%22open_icon_color%22%93,%22gcid-732bf70e-1304-49c4-8803-7da7f06e9833%22:%91%22open_toggle_background_color%22,%22closed_toggle_background_color%22%93}&#8221;]R<strong>eceptie en algemene informatie over het landgoed<\/strong>: Per telefoon:<a href=\"tel:010416072\">010 41 60 72<\/a> van maandag tot vrijdag van 8.30 tot 16.00 uur en in het weekend tijdens schoolvakanties en het hoogseizoen<strong>Noodgevallen<\/strong>: Per telefoon (wachtdienst): <a href=\"tel:0476012701\">0476 01 27 01<\/a>[\/et_pb_toggle][\/et_pb_column][et_pb_column type=&#8221;1_2&#8243; disabled_on=&#8221;on|on|off&#8221; _builder_version=&#8221;4.24.3&#8243; _module_preset=&#8221;default&#8221; global_colors_info=&#8221;{}&#8221;][\/et_pb_column][\/et_pb_row][\/et_pb_section][et_pb_section fb_built=&#8221;1&#8243; disabled_on=&#8221;on|on|on&#8221; _builder_version=&#8221;4.21.0&#8243; _module_preset=&#8221;default&#8221; overflow-y=&#8221;visible&#8221; custom_margin=&#8221;||||false|false&#8221; custom_padding=&#8221;8px||||false|false&#8221; bottom_divider_style=&#8221;slant&#8221; bottom_divider_color=&#8221;gcid-732bf70e-1304-49c4-8803-7da7f06e9833&#8243; bottom_divider_height=&#8221;500px&#8221; bottom_divider_repeat=&#8221;1x&#8221; da_disable_devices=&#8221;off|off|off&#8221; border_width_bottom=&#8221;50px&#8221; border_color_bottom=&#8221;gcid-732bf70e-1304-49c4-8803-7da7f06e9833&#8243; disabled=&#8221;on&#8221; global_colors_info=&#8221;{%22gcid-732bf70e-1304-49c4-8803-7da7f06e9833%22:%91%22bottom_divider_color%22,%22border_color_bottom%22%93}&#8221; da_is_popup=&#8221;off&#8221; da_exit_intent=&#8221;off&#8221; da_has_close=&#8221;on&#8221; da_alt_close=&#8221;off&#8221; da_dark_close=&#8221;off&#8221; da_not_modal=&#8221;on&#8221; da_is_singular=&#8221;off&#8221; da_with_loader=&#8221;off&#8221; da_has_shadow=&#8221;on&#8221;][et_pb_row disabled_on=&#8221;off|off|off&#8221; _builder_version=&#8221;4.21.0&#8243; _module_preset=&#8221;default&#8221; background_enable_color=&#8221;off&#8221; z_index=&#8221;2&#8243; overflow-y=&#8221;visible&#8221; custom_margin=&#8221;||||false|false&#8221; global_colors_info=&#8221;{}&#8221;][et_pb_column type=&#8221;4_4&#8243; _builder_version=&#8221;4.21.0&#8243; _module_preset=&#8221;default&#8221; global_colors_info=&#8221;{}&#8221;][dsm_masonry_gallery gallery_ids=&#8221;1086516,1085578,1085568,70,1085572,1085576&#8243; dsm_sort_images=&#8221;off&#8221; columns=&#8221;2&#8243; use_horizontal_order=&#8221;off&#8221; _builder_version=&#8221;4.21.0&#8243; _module_preset=&#8221;default&#8221; global_colors_info=&#8221;{}&#8221;][\/dsm_masonry_gallery][\/et_pb_column][\/et_pb_row][\/et_pb_section][et_pb_section fb_built=&#8221;1&#8243; fullwidth=&#8221;on&#8221; _builder_version=&#8221;4.24.3&#8243; _module_preset=&#8221;default&#8221; background_image=&#8221;https:\/\/www.boisdesreves.be\/wp-content\/uploads\/2023\/05\/MTBW-scaled.jpg&#8221; background_position=&#8221;center_left&#8221; custom_margin=&#8221;||||false|false&#8221; custom_padding=&#8221;14rem||14rem||true|false&#8221; da_disable_devices=&#8221;off|off|off&#8221; global_colors_info=&#8221;{}&#8221; custom_css_main_element_last_edited=&#8221;on|phone&#8221; custom_css_main_element_phone=&#8221;padding-top: 10rem !important;||padding-bottom: 10rem !important;&#8221; da_is_popup=&#8221;off&#8221; da_exit_intent=&#8221;off&#8221; da_has_close=&#8221;on&#8221; da_alt_close=&#8221;off&#8221; da_dark_close=&#8221;off&#8221; da_not_modal=&#8221;on&#8221; da_is_singular=&#8221;off&#8221; da_with_loader=&#8221;off&#8221; da_has_shadow=&#8221;on&#8221;][\/et_pb_section]<\/p>\n","protected":false},"excerpt":{"rendered":"<p>\u2014 Praktische infoOpeningsurenBois des R\u00eaves is open voor het publiek: 1 oktober tot 31 maart: 8u &#8211; 18u Van 1 april tot 31 mei: 8u &#8211; 20u Van 1 juni tot 30 september: 8.00 &#8211; 21.00 uur De speeltuin : 10 tot 17u: oktober &#8211; maart 10 tot 19 uur: april &#8211; september De brasserie : 11 tot 19u: april &#8211; september 12.00 tot 17.00: W-E &amp; woensdag Vissen : van de 2e zaterdag in maart tot de 2e zondag in december, vanaf de opening tot 1 uur voor sluitingstijd van de BDR InfopuntBij het Informatiepunt (gelegen bij de oever links van de vijver) kun je gratis kaarten krijgen van alle wandelroutes, ori\u00ebntatielopen en alle andere informatie over activiteiten in het Bois des R\u00eaves. Openingsuren en -dagen van dit Infopunt kunnen vari\u00ebren afhankelijk van het aantal bezoekers.Toegang &amp; parkingLE BOIS DES R\u00caVESAll\u00e9e du Bois des R\u00eaves, 11340 Ottignies-L.L.N.<div class=\"et_pb_module dsm_button dsm_button_0 et_pb_bg_layout_light\">\n\t\t\t\t\n\t\t\t\t\n\t\t\t\t\n\t\t\t\t\n\t\t\t\t\n\t\t\t\t\n\t\t\t\t<div class=\"et_pb_module_inner\">\n\t\t\t\t\t<div class=\"et_pb_button_module_wrappers dsm_button_0_wrapper  et_pb_module\">\n\t\t\t\t<a class=\"et_pb_button et_pb_button_one et_pb_custom_button_icon et_pb_bg_layout_light dsm-none \"  data-icon=\"&#xf277;\" data-dsm-lightbox-id=\"dsm_button_one_lightbox dsm_button_0\"><span>Routebeschrijving<\/span><\/a>\n\t\t\t<\/div>\n\t\t\t\t<\/div>\n\t\t\t<\/div>Met de auto: Via de E411 autosnelweg (Brussel-Namen), Afrit n\u00b09 (Corroy-Le-Grand) Richting Nijvel (Nivelles) (N25) Afrit \u00ab Bois des R\u00eaves-Mont-Saint-Guibert \u00bb Met de trein: Tot het station van Ottignies neem je een lokale trein in de richting [&hellip;]<\/p>\n","protected":false},"author":1,"featured_media":0,"parent":0,"menu_order":0,"comment_status":"closed","ping_status":"closed","template":"","meta":{"_acf_changed":false,"_et_pb_use_builder":"on","_et_pb_old_content":"","_et_gb_content_width":"","footnotes":""},"class_list":["post-1086435","page","type-page","status-publish","hentry"],"acf":[],"yoast_head":"<!-- This site is optimized with the Yoast SEO plugin v24.2 - https:\/\/yoast.com\/wordpress\/plugins\/seo\/ -->\n<title>Praktische informatie over Bois des R\u00eaves - Openingstijden, toegang, ...<\/title>\n<meta name=\"description\" content=\"Vind alle praktische informatie die je nodig hebt voor je bezoek aan Bois des R\u00eaves: openingstijden, toegang, parkeren, veelgestelde vragen en meer.\" \/>\n<meta name=\"robots\" content=\"index, follow, max-snippet:-1, max-image-preview:large, max-video-preview:-1\" \/>\n<link rel=\"canonical\" href=\"https:\/\/www.boisdesreves.be\/en-pratique\/\" \/>\n<meta property=\"og:locale\" content=\"nl_NL\" \/>\n<meta property=\"og:type\" content=\"article\" \/>\n<meta property=\"og:title\" content=\"Praktische informatie over Bois des R\u00eaves - Openingstijden, toegang, ...\" \/>\n<meta property=\"og:description\" content=\"Vind alle praktische informatie die je nodig hebt voor je bezoek aan Bois des R\u00eaves: openingstijden, toegang, parkeren, veelgestelde vragen en meer.\" \/>\n<meta property=\"og:url\" content=\"https:\/\/www.boisdesreves.be\/en-pratique\/\" \/>\n<meta property=\"og:site_name\" content=\"Bois des R\u00eaves\" \/>\n<meta property=\"article:publisher\" content=\"https:\/\/www.facebook.com\/boisdesrevesottignies\" \/>\n<meta property=\"article:modified_time\" content=\"2025-03-26T17:22:51+00:00\" \/>\n<meta property=\"og:image\" content=\"https:\/\/www.boisdesreves.be\/wp-content\/uploads\/2024\/04\/bienvenue-velo-logo-e1713344920614.png\" \/>\n<meta name=\"twitter:card\" content=\"summary_large_image\" \/>\n<meta name=\"twitter:label1\" content=\"Geschatte leestijd\" \/>\n\t<meta name=\"twitter:data1\" content=\"49 minuten\" \/>\n<script type=\"application\/ld+json\" class=\"yoast-schema-graph\">{\"@context\":\"https:\/\/schema.org\",\"@graph\":[{\"@type\":\"WebPage\",\"@id\":\"https:\/\/www.boisdesreves.be\/en-pratique\/\",\"url\":\"https:\/\/www.boisdesreves.be\/en-pratique\/\",\"name\":\"Praktische informatie over Bois des R\u00eaves - Openingstijden, toegang, ...\",\"isPartOf\":{\"@id\":\"https:\/\/www.boisdesreves.be\/#website\"},\"primaryImageOfPage\":{\"@id\":\"https:\/\/www.boisdesreves.be\/en-pratique\/#primaryimage\"},\"image\":{\"@id\":\"https:\/\/www.boisdesreves.be\/en-pratique\/#primaryimage\"},\"thumbnailUrl\":\"https:\/\/www.boisdesreves.be\/wp-content\/uploads\/2024\/04\/bienvenue-velo-logo-e1713344920614.png\",\"datePublished\":\"2023-08-08T09:21:45+00:00\",\"dateModified\":\"2025-03-26T17:22:51+00:00\",\"description\":\"Vind alle praktische informatie die je nodig hebt voor je bezoek aan Bois des R\u00eaves: openingstijden, toegang, parkeren, veelgestelde vragen en meer.\",\"breadcrumb\":{\"@id\":\"https:\/\/www.boisdesreves.be\/en-pratique\/#breadcrumb\"},\"inLanguage\":\"nl-NL\",\"potentialAction\":[{\"@type\":\"ReadAction\",\"target\":[\"https:\/\/www.boisdesreves.be\/en-pratique\/\"]}]},{\"@type\":\"ImageObject\",\"inLanguage\":\"nl-NL\",\"@id\":\"https:\/\/www.boisdesreves.be\/en-pratique\/#primaryimage\",\"url\":\"https:\/\/www.boisdesreves.be\/wp-content\/uploads\/2024\/04\/bienvenue-velo-logo-e1713344920614.png\",\"contentUrl\":\"https:\/\/www.boisdesreves.be\/wp-content\/uploads\/2024\/04\/bienvenue-velo-logo-e1713344920614.png\"},{\"@type\":\"BreadcrumbList\",\"@id\":\"https:\/\/www.boisdesreves.be\/en-pratique\/#breadcrumb\",\"itemListElement\":[{\"@type\":\"ListItem\",\"position\":1,\"name\":\"Home\",\"item\":\"https:\/\/www.boisdesreves.be\/\"},{\"@type\":\"ListItem\",\"position\":2,\"name\":\"Praktische info\"}]},{\"@type\":\"WebSite\",\"@id\":\"https:\/\/www.boisdesreves.be\/#website\",\"url\":\"https:\/\/www.boisdesreves.be\/\",\"name\":\"Bois des R\u00eaves\",\"description\":\"Bois des R\u00eaves - Aventure en plein c\u0153ur du Brabant Wallon\",\"publisher\":{\"@id\":\"https:\/\/www.boisdesreves.be\/#organization\"},\"potentialAction\":[{\"@type\":\"SearchAction\",\"target\":{\"@type\":\"EntryPoint\",\"urlTemplate\":\"https:\/\/www.boisdesreves.be\/?s={search_term_string}\"},\"query-input\":{\"@type\":\"PropertyValueSpecification\",\"valueRequired\":true,\"valueName\":\"search_term_string\"}}],\"inLanguage\":\"nl-NL\"},{\"@type\":\"Organization\",\"@id\":\"https:\/\/www.boisdesreves.be\/#organization\",\"name\":\"Bois des R\u00eaves\",\"url\":\"https:\/\/www.boisdesreves.be\/\",\"logo\":{\"@type\":\"ImageObject\",\"inLanguage\":\"nl-NL\",\"@id\":\"https:\/\/www.boisdesreves.be\/#\/schema\/logo\/image\/\",\"url\":\"https:\/\/www.boisdesreves.be\/wp-content\/uploads\/2024\/04\/cropped-BdR_Logo_Without_Tag.png\",\"contentUrl\":\"https:\/\/www.boisdesreves.be\/wp-content\/uploads\/2024\/04\/cropped-BdR_Logo_Without_Tag.png\",\"width\":512,\"height\":512,\"caption\":\"Bois des R\u00eaves\"},\"image\":{\"@id\":\"https:\/\/www.boisdesreves.be\/#\/schema\/logo\/image\/\"},\"sameAs\":[\"https:\/\/www.facebook.com\/boisdesrevesottignies\"]}]}<\/script>\n<!-- \/ Yoast SEO plugin. -->","yoast_head_json":{"title":"Praktische informatie over Bois des R\u00eaves - Openingstijden, toegang, ...","description":"Vind alle praktische informatie die je nodig hebt voor je bezoek aan Bois des R\u00eaves: openingstijden, toegang, parkeren, veelgestelde vragen en meer.","robots":{"index":"index","follow":"follow","max-snippet":"max-snippet:-1","max-image-preview":"max-image-preview:large","max-video-preview":"max-video-preview:-1"},"canonical":"https:\/\/www.boisdesreves.be\/en-pratique\/","og_locale":"nl_NL","og_type":"article","og_title":"Praktische informatie over Bois des R\u00eaves - Openingstijden, toegang, ...","og_description":"Vind alle praktische informatie die je nodig hebt voor je bezoek aan Bois des R\u00eaves: openingstijden, toegang, parkeren, veelgestelde vragen en meer.","og_url":"https:\/\/www.boisdesreves.be\/en-pratique\/","og_site_name":"Bois des R\u00eaves","article_publisher":"https:\/\/www.facebook.com\/boisdesrevesottignies","article_modified_time":"2025-03-26T17:22:51+00:00","og_image":[{"url":"https:\/\/www.boisdesreves.be\/wp-content\/uploads\/2024\/04\/bienvenue-velo-logo-e1713344920614.png","type":"","width":"","height":""}],"twitter_card":"summary_large_image","twitter_misc":{"Geschatte leestijd":"49 minuten"},"schema":{"@context":"https:\/\/schema.org","@graph":[{"@type":"WebPage","@id":"https:\/\/www.boisdesreves.be\/en-pratique\/","url":"https:\/\/www.boisdesreves.be\/en-pratique\/","name":"Praktische informatie over Bois des R\u00eaves - Openingstijden, toegang, ...","isPartOf":{"@id":"https:\/\/www.boisdesreves.be\/#website"},"primaryImageOfPage":{"@id":"https:\/\/www.boisdesreves.be\/en-pratique\/#primaryimage"},"image":{"@id":"https:\/\/www.boisdesreves.be\/en-pratique\/#primaryimage"},"thumbnailUrl":"https:\/\/www.boisdesreves.be\/wp-content\/uploads\/2024\/04\/bienvenue-velo-logo-e1713344920614.png","datePublished":"2023-08-08T09:21:45+00:00","dateModified":"2025-03-26T17:22:51+00:00","description":"Vind alle praktische informatie die je nodig hebt voor je bezoek aan Bois des R\u00eaves: openingstijden, toegang, parkeren, veelgestelde vragen en meer.","breadcrumb":{"@id":"https:\/\/www.boisdesreves.be\/en-pratique\/#breadcrumb"},"inLanguage":"nl-NL","potentialAction":[{"@type":"ReadAction","target":["https:\/\/www.boisdesreves.be\/en-pratique\/"]}]},{"@type":"ImageObject","inLanguage":"nl-NL","@id":"https:\/\/www.boisdesreves.be\/en-pratique\/#primaryimage","url":"https:\/\/www.boisdesreves.be\/wp-content\/uploads\/2024\/04\/bienvenue-velo-logo-e1713344920614.png","contentUrl":"https:\/\/www.boisdesreves.be\/wp-content\/uploads\/2024\/04\/bienvenue-velo-logo-e1713344920614.png"},{"@type":"BreadcrumbList","@id":"https:\/\/www.boisdesreves.be\/en-pratique\/#breadcrumb","itemListElement":[{"@type":"ListItem","position":1,"name":"Home","item":"https:\/\/www.boisdesreves.be\/"},{"@type":"ListItem","position":2,"name":"Praktische info"}]},{"@type":"WebSite","@id":"https:\/\/www.boisdesreves.be\/#website","url":"https:\/\/www.boisdesreves.be\/","name":"Bois des R\u00eaves","description":"Bois des R\u00eaves - Aventure en plein c\u0153ur du Brabant Wallon","publisher":{"@id":"https:\/\/www.boisdesreves.be\/#organization"},"potentialAction":[{"@type":"SearchAction","target":{"@type":"EntryPoint","urlTemplate":"https:\/\/www.boisdesreves.be\/?s={search_term_string}"},"query-input":{"@type":"PropertyValueSpecification","valueRequired":true,"valueName":"search_term_string"}}],"inLanguage":"nl-NL"},{"@type":"Organization","@id":"https:\/\/www.boisdesreves.be\/#organization","name":"Bois des R\u00eaves","url":"https:\/\/www.boisdesreves.be\/","logo":{"@type":"ImageObject","inLanguage":"nl-NL","@id":"https:\/\/www.boisdesreves.be\/#\/schema\/logo\/image\/","url":"https:\/\/www.boisdesreves.be\/wp-content\/uploads\/2024\/04\/cropped-BdR_Logo_Without_Tag.png","contentUrl":"https:\/\/www.boisdesreves.be\/wp-content\/uploads\/2024\/04\/cropped-BdR_Logo_Without_Tag.png","width":512,"height":512,"caption":"Bois des R\u00eaves"},"image":{"@id":"https:\/\/www.boisdesreves.be\/#\/schema\/logo\/image\/"},"sameAs":["https:\/\/www.facebook.com\/boisdesrevesottignies"]}]}},"_links":{"self":[{"href":"https:\/\/www.boisdesreves.be\/nl\/wp-json\/wp\/v2\/pages\/1086435","targetHints":{"allow":["GET"]}}],"collection":[{"href":"https:\/\/www.boisdesreves.be\/nl\/wp-json\/wp\/v2\/pages"}],"about":[{"href":"https:\/\/www.boisdesreves.be\/nl\/wp-json\/wp\/v2\/types\/page"}],"author":[{"embeddable":true,"href":"https:\/\/www.boisdesreves.be\/nl\/wp-json\/wp\/v2\/users\/1"}],"replies":[{"embeddable":true,"href":"https:\/\/www.boisdesreves.be\/nl\/wp-json\/wp\/v2\/comments?post=1086435"}],"version-history":[{"count":0,"href":"https:\/\/www.boisdesreves.be\/nl\/wp-json\/wp\/v2\/pages\/1086435\/revisions"}],"wp:attachment":[{"href":"https:\/\/www.boisdesreves.be\/nl\/wp-json\/wp\/v2\/media?parent=1086435"}],"curies":[{"name":"wp","href":"https:\/\/api.w.org\/{rel}","templated":true}]}}